{"id":1003,"date":"2023-07-12T10:29:23","date_gmt":"2023-07-12T10:29:23","guid":{"rendered":"https:\/\/www.kein-alter-hut.de\/?page_id=1003"},"modified":"2024-02-08T13:02:09","modified_gmt":"2024-02-08T13:02:09","slug":"queere-filmabende","status":"publish","type":"page","link":"https:\/\/www.kein-alter-hut.de\/index.php\/queere-filmabende\/","title":{"rendered":"Queere Filmabende"},"content":{"rendered":"\n<p>Auch in 2024 wird das B\u00fcrgerb\u00fcro wieder zum Kinosaal. Deutsche und internationale Produktionen, die die Lebenssituation von Menschen, die sich der LGBTQIA+-Community zugeh\u00f6rig f\u00fchlen, thematisieren, werden auf unserer gro\u00dfen Leinwand gezeigt und in der Regel anschlie\u00dfend noch ausf\u00fchrlich, bisweilen kontrovers diskutiert. Cis Menschen sind nat\u00fcrlich gleicherma\u00dfen willkommen, die tollen Filme, unser legend\u00e4res Buffet und die anregenden Gespr\u00e4che auszukosten und durch eigene Beitr\u00e4ge zu bereichern.<br>Am 1.M\u00e4rz startet das B\u00fcrgerb\u00fcro-Filmjahr mit seiner ersten Auff\u00fchrung; welchen Film wir Ihnen pr\u00e4sentieren, erfahren Sie wie gewohnt rechtzeitig auf unserer Website oder \u00fcber unsere Mailingliste.<\/p>\n\n\n\n<p>Ein Auszug aus unseren bisherigen Auff\u00fchrungen:- <\/p>\n\n\n\n<ul class=\"wp-block-list\">\n<li>Sweetheart<br>Ein britisches Coming-of-Age-Movie von Marley Morrison (2021) (\u2192 <a href=\"https:\/\/www.kein-alter-hut.de\/index.php\/2023\/06\/14\/sweetheart\/\" target=\"_blank\" rel=\"noreferrer noopener\">Link<\/a>)<\/li>\n\n\n\n<li>Money Boys<br>Ein bedr\u00fcckender Film (2021) von C.B.Yi \u00fcber Tradition und Moderne im heutigen China (\u2192 <a href=\"https:\/\/www.kein-alter-hut.de\/index.php\/2023\/03\/20\/moneyboys-im-buergerbuero-lichtspielhaus\/\" target=\"_blank\" rel=\"noreferrer noopener\">Link<\/a>)<br><\/li>\n<\/ul>\n\n\n\n<div class=\"wp-block-columns is-layout-flex wp-container-core-columns-is-layout-9d6595d7 wp-block-columns-is-layout-flex\">\n<div class=\"wp-block-column is-layout-flow wp-block-column-is-layout-flow\" style=\"flex-basis:50%\">\n<div class=\"wp-block-group\"><div class=\"wp-block-group__inner-container is-layout-constrained wp-block-group-is-layout-constrained\">\n<figure class=\"wp-block-gallery has-nested-images columns-default is-cropped wp-block-gallery-1 is-layout-flex wp-block-gallery-is-layout-flex\">\n<figure class=\"wp-block-image size-large\"><img fetchpriority=\"high\" decoding=\"async\" width=\"1024\" height=\"1024\" data-id=\"1009\" src=\"https:\/\/www.kein-alter-hut.de\/wp-content\/uploads\/2023\/07\/queer_filmabend356028725_670368798437511_7068979351513466689_n-1-1024x1024.jpg\" alt=\"\" class=\"wp-image-1009\" srcset=\"https:\/\/www.kein-alter-hut.de\/wp-content\/uploads\/2023\/07\/queer_filmabend356028725_670368798437511_7068979351513466689_n-1-1024x1024.jpg 1024w, https:\/\/www.kein-alter-hut.de\/wp-content\/uploads\/2023\/07\/queer_filmabend356028725_670368798437511_7068979351513466689_n-1-300x300.jpg 300w, https:\/\/www.kein-alter-hut.de\/wp-content\/uploads\/2023\/07\/queer_filmabend356028725_670368798437511_7068979351513466689_n-1-150x150.jpg 150w, https:\/\/www.kein-alter-hut.de\/wp-content\/uploads\/2023\/07\/queer_filmabend356028725_670368798437511_7068979351513466689_n-1-768x768.jpg 768w, https:\/\/www.kein-alter-hut.de\/wp-content\/uploads\/2023\/07\/queer_filmabend356028725_670368798437511_7068979351513466689_n-1-1536x1536.jpg 1536w, https:\/\/www.kein-alter-hut.de\/wp-content\/uploads\/2023\/07\/queer_filmabend356028725_670368798437511_7068979351513466689_n-1-600x600.jpg 600w, https:\/\/www.kein-alter-hut.de\/wp-content\/uploads\/2023\/07\/queer_filmabend356028725_670368798437511_7068979351513466689_n-1.jpg 2048w\" sizes=\"(max-width: 1024px) 100vw, 1024px\" \/><\/figure>\n\n\n\n<figure class=\"wp-block-image size-full\"><img decoding=\"async\" width=\"2048\" height=\"2048\" data-id=\"1007\" src=\"https:\/\/www.kein-alter-hut.de\/wp-content\/uploads\/2023\/07\/queer_filmabend356392147_670369111770813_1899404970468961214_n.jpg\" alt=\"\" class=\"wp-image-1007\" srcset=\"https:\/\/www.kein-alter-hut.de\/wp-content\/uploads\/2023\/07\/queer_filmabend356392147_670369111770813_1899404970468961214_n.jpg 2048w, https:\/\/www.kein-alter-hut.de\/wp-content\/uploads\/2023\/07\/queer_filmabend356392147_670369111770813_1899404970468961214_n-300x300.jpg 300w, https:\/\/www.kein-alter-hut.de\/wp-content\/uploads\/2023\/07\/queer_filmabend356392147_670369111770813_1899404970468961214_n-1024x1024.jpg 1024w, https:\/\/www.kein-alter-hut.de\/wp-content\/uploads\/2023\/07\/queer_filmabend356392147_670369111770813_1899404970468961214_n-150x150.jpg 150w, https:\/\/www.kein-alter-hut.de\/wp-content\/uploads\/2023\/07\/queer_filmabend356392147_670369111770813_1899404970468961214_n-768x768.jpg 768w, https:\/\/www.kein-alter-hut.de\/wp-content\/uploads\/2023\/07\/queer_filmabend356392147_670369111770813_1899404970468961214_n-1536x1536.jpg 1536w, https:\/\/www.kein-alter-hut.de\/wp-content\/uploads\/2023\/07\/queer_filmabend356392147_670369111770813_1899404970468961214_n-600x600.jpg 600w\" sizes=\"(max-width: 2048px) 100vw, 2048px\" \/><\/figure>\n<\/figure>\n<\/div><\/div>\n<\/div>\n<\/div>\n","protected":false},"excerpt":{"rendered":"<p>Auch in 2024 wird das B\u00fcrgerb\u00fcro wieder zum Kinosaal. Deutsche und internationale Produktionen, die die Lebenssituation von Menschen, die sich der LGBTQIA+-Community zugeh\u00f6rig f\u00fchlen, thematisieren, werden auf unserer gro\u00dfen Leinwand gezeigt und in der&#46;&#46;&#46;<\/p>\n","protected":false},"author":1,"featured_media":0,"parent":0,"menu_order":0,"comment_status":"closed","ping_status":"closed","template":"","meta":{"footnotes":""},"class_list":["post-1003","page","type-page","status-publish","hentry"],"yoast_head":"<!-- This site is optimized with the Yoast SEO plugin v27.5 - https:\/\/yoast.com\/product\/yoast-seo-wordpress\/ -->\n<title>Queere Filmabende - Sven Meyer MdA<\/title>\n<meta name=\"robots\" content=\"index, follow, max-snippet:-1, max-image-preview:large, max-video-preview:-1\" \/>\n<link rel=\"canonical\" href=\"https:\/\/www.kein-alter-hut.de\/index.php\/queere-filmabende\/\" \/>\n<meta property=\"og:locale\" content=\"de_DE\" \/>\n<meta property=\"og:type\" content=\"article\" \/>\n<meta property=\"og:title\" content=\"Queere Filmabende - Sven Meyer MdA\" \/>\n<meta property=\"og:description\" content=\"Auch in 2024 wird das B\u00fcrgerb\u00fcro wieder zum Kinosaal. Deutsche und internationale Produktionen, die die Lebenssituation von Menschen, die sich der LGBTQIA+-Community zugeh\u00f6rig f\u00fchlen, thematisieren, werden auf unserer gro\u00dfen Leinwand gezeigt und in der&#046;&#046;&#046;\" \/>\n<meta property=\"og:url\" content=\"https:\/\/www.kein-alter-hut.de\/index.php\/queere-filmabende\/\" \/>\n<meta property=\"og:site_name\" content=\"Sven Meyer MdA\" \/>\n<meta property=\"article:publisher\" content=\"https:\/\/www.facebook.com\/SvenMeyerReinickendorf\/\" \/>\n<meta property=\"article:modified_time\" content=\"2024-02-08T13:02:09+00:00\" \/>\n<meta property=\"og:image\" content=\"https:\/\/www.kein-alter-hut.de\/wp-content\/uploads\/2023\/07\/queer_filmabend356028725_670368798437511_7068979351513466689_n-1-1024x1024.jpg\" \/>\n<meta name=\"twitter:card\" content=\"summary_large_image\" \/>\n<meta name=\"twitter:label1\" content=\"Gesch\u00e4tzte Lesezeit\" \/>\n\t<meta name=\"twitter:data1\" content=\"2\u00a0Minuten\" \/>\n<script type=\"application\/ld+json\" class=\"yoast-schema-graph\">{\"@context\":\"https:\\\/\\\/schema.org\",\"@graph\":[{\"@type\":\"WebPage\",\"@id\":\"https:\\\/\\\/www.kein-alter-hut.de\\\/index.php\\\/queere-filmabende\\\/\",\"url\":\"https:\\\/\\\/www.kein-alter-hut.de\\\/index.php\\\/queere-filmabende\\\/\",\"name\":\"Queere Filmabende - Sven Meyer MdA\",\"isPartOf\":{\"@id\":\"https:\\\/\\\/www.kein-alter-hut.de\\\/#website\"},\"primaryImageOfPage\":{\"@id\":\"https:\\\/\\\/www.kein-alter-hut.de\\\/index.php\\\/queere-filmabende\\\/#primaryimage\"},\"image\":{\"@id\":\"https:\\\/\\\/www.kein-alter-hut.de\\\/index.php\\\/queere-filmabende\\\/#primaryimage\"},\"thumbnailUrl\":\"https:\\\/\\\/www.kein-alter-hut.de\\\/wp-content\\\/uploads\\\/2023\\\/07\\\/queer_filmabend356028725_670368798437511_7068979351513466689_n-1-1024x1024.jpg\",\"datePublished\":\"2023-07-12T10:29:23+00:00\",\"dateModified\":\"2024-02-08T13:02:09+00:00\",\"breadcrumb\":{\"@id\":\"https:\\\/\\\/www.kein-alter-hut.de\\\/index.php\\\/queere-filmabende\\\/#breadcrumb\"},\"inLanguage\":\"de\",\"potentialAction\":[{\"@type\":\"ReadAction\",\"target\":[\"https:\\\/\\\/www.kein-alter-hut.de\\\/index.php\\\/queere-filmabende\\\/\"]}]},{\"@type\":\"ImageObject\",\"inLanguage\":\"de\",\"@id\":\"https:\\\/\\\/www.kein-alter-hut.de\\\/index.php\\\/queere-filmabende\\\/#primaryimage\",\"url\":\"https:\\\/\\\/www.kein-alter-hut.de\\\/wp-content\\\/uploads\\\/2023\\\/07\\\/queer_filmabend356028725_670368798437511_7068979351513466689_n-1.jpg\",\"contentUrl\":\"https:\\\/\\\/www.kein-alter-hut.de\\\/wp-content\\\/uploads\\\/2023\\\/07\\\/queer_filmabend356028725_670368798437511_7068979351513466689_n-1.jpg\",\"width\":2048,\"height\":2048},{\"@type\":\"BreadcrumbList\",\"@id\":\"https:\\\/\\\/www.kein-alter-hut.de\\\/index.php\\\/queere-filmabende\\\/#breadcrumb\",\"itemListElement\":[{\"@type\":\"ListItem\",\"position\":1,\"name\":\"Startseite\",\"item\":\"https:\\\/\\\/www.kein-alter-hut.de\\\/\"},{\"@type\":\"ListItem\",\"position\":2,\"name\":\"Queere Filmabende\"}]},{\"@type\":\"WebSite\",\"@id\":\"https:\\\/\\\/www.kein-alter-hut.de\\\/#website\",\"url\":\"https:\\\/\\\/www.kein-alter-hut.de\\\/\",\"name\":\"Sven Meyer MdA\",\"description\":\"Sven Meyer - Ihr Abgeordneter f\u00fcr Wittenau, Waidmannslust, Borsigwalde und Tegel\",\"potentialAction\":[{\"@type\":\"SearchAction\",\"target\":{\"@type\":\"EntryPoint\",\"urlTemplate\":\"https:\\\/\\\/www.kein-alter-hut.de\\\/?s={search_term_string}\"},\"query-input\":{\"@type\":\"PropertyValueSpecification\",\"valueRequired\":true,\"valueName\":\"search_term_string\"}}],\"inLanguage\":\"de\"}]}<\/script>\n<!-- \/ Yoast SEO plugin. -->","yoast_head_json":{"title":"Queere Filmabende - Sven Meyer MdA","robots":{"index":"index","follow":"follow","max-snippet":"max-snippet:-1","max-image-preview":"max-image-preview:large","max-video-preview":"max-video-preview:-1"},"canonical":"https:\/\/www.kein-alter-hut.de\/index.php\/queere-filmabende\/","og_locale":"de_DE","og_type":"article","og_title":"Queere Filmabende - Sven Meyer MdA","og_description":"Auch in 2024 wird das B\u00fcrgerb\u00fcro wieder zum Kinosaal. Deutsche und internationale Produktionen, die die Lebenssituation von Menschen, die sich der LGBTQIA+-Community zugeh\u00f6rig f\u00fchlen, thematisieren, werden auf unserer gro\u00dfen Leinwand gezeigt und in der&#46;&#46;&#46;","og_url":"https:\/\/www.kein-alter-hut.de\/index.php\/queere-filmabende\/","og_site_name":"Sven Meyer MdA","article_publisher":"https:\/\/www.facebook.com\/SvenMeyerReinickendorf\/","article_modified_time":"2024-02-08T13:02:09+00:00","og_image":[{"url":"https:\/\/www.kein-alter-hut.de\/wp-content\/uploads\/2023\/07\/queer_filmabend356028725_670368798437511_7068979351513466689_n-1-1024x1024.jpg","type":"","width":"","height":""}],"twitter_card":"summary_large_image","twitter_misc":{"Gesch\u00e4tzte Lesezeit":"2\u00a0Minuten"},"schema":{"@context":"https:\/\/schema.org","@graph":[{"@type":"WebPage","@id":"https:\/\/www.kein-alter-hut.de\/index.php\/queere-filmabende\/","url":"https:\/\/www.kein-alter-hut.de\/index.php\/queere-filmabende\/","name":"Queere Filmabende - Sven Meyer MdA","isPartOf":{"@id":"https:\/\/www.kein-alter-hut.de\/#website"},"primaryImageOfPage":{"@id":"https:\/\/www.kein-alter-hut.de\/index.php\/queere-filmabende\/#primaryimage"},"image":{"@id":"https:\/\/www.kein-alter-hut.de\/index.php\/queere-filmabende\/#primaryimage"},"thumbnailUrl":"https:\/\/www.kein-alter-hut.de\/wp-content\/uploads\/2023\/07\/queer_filmabend356028725_670368798437511_7068979351513466689_n-1-1024x1024.jpg","datePublished":"2023-07-12T10:29:23+00:00","dateModified":"2024-02-08T13:02:09+00:00","breadcrumb":{"@id":"https:\/\/www.kein-alter-hut.de\/index.php\/queere-filmabende\/#breadcrumb"},"inLanguage":"de","potentialAction":[{"@type":"ReadAction","target":["https:\/\/www.kein-alter-hut.de\/index.php\/queere-filmabende\/"]}]},{"@type":"ImageObject","inLanguage":"de","@id":"https:\/\/www.kein-alter-hut.de\/index.php\/queere-filmabende\/#primaryimage","url":"https:\/\/www.kein-alter-hut.de\/wp-content\/uploads\/2023\/07\/queer_filmabend356028725_670368798437511_7068979351513466689_n-1.jpg","contentUrl":"https:\/\/www.kein-alter-hut.de\/wp-content\/uploads\/2023\/07\/queer_filmabend356028725_670368798437511_7068979351513466689_n-1.jpg","width":2048,"height":2048},{"@type":"BreadcrumbList","@id":"https:\/\/www.kein-alter-hut.de\/index.php\/queere-filmabende\/#breadcrumb","itemListElement":[{"@type":"ListItem","position":1,"name":"Startseite","item":"https:\/\/www.kein-alter-hut.de\/"},{"@type":"ListItem","position":2,"name":"Queere Filmabende"}]},{"@type":"WebSite","@id":"https:\/\/www.kein-alter-hut.de\/#website","url":"https:\/\/www.kein-alter-hut.de\/","name":"Sven Meyer MdA","description":"Sven Meyer - Ihr Abgeordneter f\u00fcr Wittenau, Waidmannslust, Borsigwalde und Tegel","potentialAction":[{"@type":"SearchAction","target":{"@type":"EntryPoint","urlTemplate":"https:\/\/www.kein-alter-hut.de\/?s={search_term_string}"},"query-input":{"@type":"PropertyValueSpecification","valueRequired":true,"valueName":"search_term_string"}}],"inLanguage":"de"}]}},"_links":{"self":[{"href":"https:\/\/www.kein-alter-hut.de\/index.php\/wp-json\/wp\/v2\/pages\/1003","targetHints":{"allow":["GET"]}}],"collection":[{"href":"https:\/\/www.kein-alter-hut.de\/index.php\/wp-json\/wp\/v2\/pages"}],"about":[{"href":"https:\/\/www.kein-alter-hut.de\/index.php\/wp-json\/wp\/v2\/types\/page"}],"author":[{"embeddable":true,"href":"https:\/\/www.kein-alter-hut.de\/index.php\/wp-json\/wp\/v2\/users\/1"}],"replies":[{"embeddable":true,"href":"https:\/\/www.kein-alter-hut.de\/index.php\/wp-json\/wp\/v2\/comments?post=1003"}],"version-history":[{"count":4,"href":"https:\/\/www.kein-alter-hut.de\/index.php\/wp-json\/wp\/v2\/pages\/1003\/revisions"}],"predecessor-version":[{"id":1715,"href":"https:\/\/www.kein-alter-hut.de\/index.php\/wp-json\/wp\/v2\/pages\/1003\/revisions\/1715"}],"wp:attachment":[{"href":"https:\/\/www.kein-alter-hut.de\/index.php\/wp-json\/wp\/v2\/media?parent=1003"}],"curies":[{"name":"wp","href":"https:\/\/api.w.org\/{rel}","templated":true}]}}