{"id":2009,"date":"2024-04-17T13:38:11","date_gmt":"2024-04-17T13:38:11","guid":{"rendered":"https:\/\/www.kein-alter-hut.de\/?page_id=2009"},"modified":"2024-05-30T10:52:44","modified_gmt":"2024-05-30T10:52:44","slug":"dafuer-stehe-ich","status":"publish","type":"page","link":"https:\/\/www.kein-alter-hut.de\/index.php\/dafuer-stehe-ich\/","title":{"rendered":"Daf\u00fcr stehe ich"},"content":{"rendered":"\n<p class=\"has-medium-font-size\"><\/p>\n\n\n<div class=\"wp-block-image\">\n<figure class=\"alignleft size-full is-resized\"><img fetchpriority=\"high\" decoding=\"async\" width=\"1979\" height=\"2560\" src=\"https:\/\/www.kein-alter-hut.de\/wp-content\/uploads\/2024\/05\/BW_SPD_Meyer_Sven_9103_RGB_zug-scaled.jpg\" alt=\"\" class=\"wp-image-2177\" style=\"width:424px;height:auto\" srcset=\"https:\/\/www.kein-alter-hut.de\/wp-content\/uploads\/2024\/05\/BW_SPD_Meyer_Sven_9103_RGB_zug-scaled.jpg 1979w, https:\/\/www.kein-alter-hut.de\/wp-content\/uploads\/2024\/05\/BW_SPD_Meyer_Sven_9103_RGB_zug-232x300.jpg 232w, https:\/\/www.kein-alter-hut.de\/wp-content\/uploads\/2024\/05\/BW_SPD_Meyer_Sven_9103_RGB_zug-792x1024.jpg 792w, https:\/\/www.kein-alter-hut.de\/wp-content\/uploads\/2024\/05\/BW_SPD_Meyer_Sven_9103_RGB_zug-768x994.jpg 768w, https:\/\/www.kein-alter-hut.de\/wp-content\/uploads\/2024\/05\/BW_SPD_Meyer_Sven_9103_RGB_zug-1187x1536.jpg 1187w, https:\/\/www.kein-alter-hut.de\/wp-content\/uploads\/2024\/05\/BW_SPD_Meyer_Sven_9103_RGB_zug-1583x2048.jpg 1583w\" sizes=\"(max-width: 1979px) 100vw, 1979px\" \/><\/figure>\n<\/div>\n\n\n<p class=\"has-medium-font-size\"><strong>Daf\u00fcr stehe ich<\/strong><\/p>\n\n\n\n<p>Ich bin im Abgeordnetenhaus der Sprecher der SPD-Fraktion f\u00fcr Arbeit und Ausbildung und damit Mitglied im Ausschuss f\u00fcr Arbeit und Soziales.<\/p>\n\n\n\n<p>\u201eGute Arbeit\u201c bedeutet f\u00fcr mich dass jeder Mensch von seiner oder ihrer Arbeit leben kann und auch am Ende des Berufslebens nicht von Armut bedroht sein darf.<\/p>\n\n\n\n<p>Verbindliche Fl\u00e4chentarifvertr\u00e4ge und eine selbstbewusste Arbeitnehmer:innenvertretung sind f\u00fcr mich die unverzichtbaren Bedingungen, die nicht nur die Rechte der Mitarbeitenden garantiert, sondern auch im Eigeninteresse der Unternehmen liegt. Dem sich zunehmend versch\u00e4rfenden Fachkr\u00e4ftemangel kann nur durch eine starke gemeinsamer Initiative verantwortlich handelnder Sozialpartner begegnet werden.<\/p>\n\n\n\n<p>Betriebe, die sich dieser Verantwortung entziehen und die Ausbildung der Fachkr\u00e4fte von morgen ihren Konkurrenten \u00fcberlassen, m\u00fcssen sich demnach auf anderen Wegen an dieser Gemeinschaftsaufgabe beteiligen. Deshalb setze ich mich f\u00fcr die Ausbildungsumlage ein.<\/p>\n\n\n\n<p>Betriebe im Verantwortungsbereich des Landes Berlin haben in meinen Augen eine Vorbildfunktion gegen\u00fcber privat gef\u00fchrten Unternehmen. Daher werde ich auf f\u00fcr eine Tarifbindung und die Implementierung der gesetzlichen Mitbestimmungsregeln bei s\u00e4mtlichen Betriebe, Tochterunternehmen und Stiftungen dr\u00e4ngen.<\/p>\n","protected":false},"excerpt":{"rendered":"<p>Daf\u00fcr stehe ich Ich bin im Abgeordnetenhaus der Sprecher der SPD-Fraktion f\u00fcr Arbeit und Ausbildung und damit Mitglied im Ausschuss f\u00fcr Arbeit und Soziales. \u201eGute Arbeit\u201c bedeutet f\u00fcr mich dass jeder Mensch von seiner&#46;&#46;&#46;<\/p>\n","protected":false},"author":1,"featured_media":0,"parent":0,"menu_order":0,"comment_status":"closed","ping_status":"closed","template":"","meta":{"footnotes":""},"class_list":["post-2009","page","type-page","status-publish","hentry"],"yoast_head":"<!-- This site is optimized with the Yoast SEO plugin v27.5 - https:\/\/yoast.com\/product\/yoast-seo-wordpress\/ -->\n<title>Daf\u00fcr stehe ich - Sven Meyer MdA<\/title>\n<meta name=\"robots\" content=\"index, follow, max-snippet:-1, max-image-preview:large, max-video-preview:-1\" \/>\n<link rel=\"canonical\" href=\"https:\/\/www.kein-alter-hut.de\/index.php\/dafuer-stehe-ich\/\" \/>\n<meta property=\"og:locale\" content=\"de_DE\" \/>\n<meta property=\"og:type\" content=\"article\" \/>\n<meta property=\"og:title\" content=\"Daf\u00fcr stehe ich - Sven Meyer MdA\" \/>\n<meta property=\"og:description\" content=\"Daf\u00fcr stehe ich Ich bin im Abgeordnetenhaus der Sprecher der SPD-Fraktion f\u00fcr Arbeit und Ausbildung und damit Mitglied im Ausschuss f\u00fcr Arbeit und Soziales. \u201eGute Arbeit\u201c bedeutet f\u00fcr mich dass jeder Mensch von seiner&#046;&#046;&#046;\" \/>\n<meta property=\"og:url\" content=\"https:\/\/www.kein-alter-hut.de\/index.php\/dafuer-stehe-ich\/\" \/>\n<meta property=\"og:site_name\" content=\"Sven Meyer MdA\" \/>\n<meta property=\"article:publisher\" content=\"https:\/\/www.facebook.com\/SvenMeyerReinickendorf\/\" \/>\n<meta property=\"article:modified_time\" content=\"2024-05-30T10:52:44+00:00\" \/>\n<meta property=\"og:image\" content=\"https:\/\/www.kein-alter-hut.de\/wp-content\/uploads\/2024\/05\/BW_SPD_Meyer_Sven_9103_RGB_zug-scaled.jpg\" \/>\n<meta name=\"twitter:card\" content=\"summary_large_image\" \/>\n<meta name=\"twitter:label1\" content=\"Gesch\u00e4tzte Lesezeit\" \/>\n\t<meta name=\"twitter:data1\" content=\"2\u00a0Minuten\" \/>\n<script type=\"application\/ld+json\" class=\"yoast-schema-graph\">{\"@context\":\"https:\\\/\\\/schema.org\",\"@graph\":[{\"@type\":\"WebPage\",\"@id\":\"https:\\\/\\\/www.kein-alter-hut.de\\\/index.php\\\/dafuer-stehe-ich\\\/\",\"url\":\"https:\\\/\\\/www.kein-alter-hut.de\\\/index.php\\\/dafuer-stehe-ich\\\/\",\"name\":\"Daf\u00fcr stehe ich - Sven Meyer MdA\",\"isPartOf\":{\"@id\":\"https:\\\/\\\/www.kein-alter-hut.de\\\/#website\"},\"primaryImageOfPage\":{\"@id\":\"https:\\\/\\\/www.kein-alter-hut.de\\\/index.php\\\/dafuer-stehe-ich\\\/#primaryimage\"},\"image\":{\"@id\":\"https:\\\/\\\/www.kein-alter-hut.de\\\/index.php\\\/dafuer-stehe-ich\\\/#primaryimage\"},\"thumbnailUrl\":\"https:\\\/\\\/www.kein-alter-hut.de\\\/wp-content\\\/uploads\\\/2024\\\/05\\\/BW_SPD_Meyer_Sven_9103_RGB_zug-scaled.jpg\",\"datePublished\":\"2024-04-17T13:38:11+00:00\",\"dateModified\":\"2024-05-30T10:52:44+00:00\",\"breadcrumb\":{\"@id\":\"https:\\\/\\\/www.kein-alter-hut.de\\\/index.php\\\/dafuer-stehe-ich\\\/#breadcrumb\"},\"inLanguage\":\"de\",\"potentialAction\":[{\"@type\":\"ReadAction\",\"target\":[\"https:\\\/\\\/www.kein-alter-hut.de\\\/index.php\\\/dafuer-stehe-ich\\\/\"]}]},{\"@type\":\"ImageObject\",\"inLanguage\":\"de\",\"@id\":\"https:\\\/\\\/www.kein-alter-hut.de\\\/index.php\\\/dafuer-stehe-ich\\\/#primaryimage\",\"url\":\"https:\\\/\\\/www.kein-alter-hut.de\\\/wp-content\\\/uploads\\\/2024\\\/05\\\/BW_SPD_Meyer_Sven_9103_RGB_zug-scaled.jpg\",\"contentUrl\":\"https:\\\/\\\/www.kein-alter-hut.de\\\/wp-content\\\/uploads\\\/2024\\\/05\\\/BW_SPD_Meyer_Sven_9103_RGB_zug-scaled.jpg\",\"width\":1979,\"height\":2560},{\"@type\":\"BreadcrumbList\",\"@id\":\"https:\\\/\\\/www.kein-alter-hut.de\\\/index.php\\\/dafuer-stehe-ich\\\/#breadcrumb\",\"itemListElement\":[{\"@type\":\"ListItem\",\"position\":1,\"name\":\"Startseite\",\"item\":\"https:\\\/\\\/www.kein-alter-hut.de\\\/\"},{\"@type\":\"ListItem\",\"position\":2,\"name\":\"Daf\u00fcr stehe ich\"}]},{\"@type\":\"WebSite\",\"@id\":\"https:\\\/\\\/www.kein-alter-hut.de\\\/#website\",\"url\":\"https:\\\/\\\/www.kein-alter-hut.de\\\/\",\"name\":\"Sven Meyer MdA\",\"description\":\"Sven Meyer - Ihr Abgeordneter f\u00fcr Wittenau, Waidmannslust, Borsigwalde und Tegel\",\"potentialAction\":[{\"@type\":\"SearchAction\",\"target\":{\"@type\":\"EntryPoint\",\"urlTemplate\":\"https:\\\/\\\/www.kein-alter-hut.de\\\/?s={search_term_string}\"},\"query-input\":{\"@type\":\"PropertyValueSpecification\",\"valueRequired\":true,\"valueName\":\"search_term_string\"}}],\"inLanguage\":\"de\"}]}<\/script>\n<!-- \/ Yoast SEO plugin. -->","yoast_head_json":{"title":"Daf\u00fcr stehe ich - Sven Meyer MdA","robots":{"index":"index","follow":"follow","max-snippet":"max-snippet:-1","max-image-preview":"max-image-preview:large","max-video-preview":"max-video-preview:-1"},"canonical":"https:\/\/www.kein-alter-hut.de\/index.php\/dafuer-stehe-ich\/","og_locale":"de_DE","og_type":"article","og_title":"Daf\u00fcr stehe ich - Sven Meyer MdA","og_description":"Daf\u00fcr stehe ich Ich bin im Abgeordnetenhaus der Sprecher der SPD-Fraktion f\u00fcr Arbeit und Ausbildung und damit Mitglied im Ausschuss f\u00fcr Arbeit und Soziales. \u201eGute Arbeit\u201c bedeutet f\u00fcr mich dass jeder Mensch von seiner&#46;&#46;&#46;","og_url":"https:\/\/www.kein-alter-hut.de\/index.php\/dafuer-stehe-ich\/","og_site_name":"Sven Meyer MdA","article_publisher":"https:\/\/www.facebook.com\/SvenMeyerReinickendorf\/","article_modified_time":"2024-05-30T10:52:44+00:00","og_image":[{"url":"https:\/\/www.kein-alter-hut.de\/wp-content\/uploads\/2024\/05\/BW_SPD_Meyer_Sven_9103_RGB_zug-scaled.jpg","type":"","width":"","height":""}],"twitter_card":"summary_large_image","twitter_misc":{"Gesch\u00e4tzte Lesezeit":"2\u00a0Minuten"},"schema":{"@context":"https:\/\/schema.org","@graph":[{"@type":"WebPage","@id":"https:\/\/www.kein-alter-hut.de\/index.php\/dafuer-stehe-ich\/","url":"https:\/\/www.kein-alter-hut.de\/index.php\/dafuer-stehe-ich\/","name":"Daf\u00fcr stehe ich - Sven Meyer MdA","isPartOf":{"@id":"https:\/\/www.kein-alter-hut.de\/#website"},"primaryImageOfPage":{"@id":"https:\/\/www.kein-alter-hut.de\/index.php\/dafuer-stehe-ich\/#primaryimage"},"image":{"@id":"https:\/\/www.kein-alter-hut.de\/index.php\/dafuer-stehe-ich\/#primaryimage"},"thumbnailUrl":"https:\/\/www.kein-alter-hut.de\/wp-content\/uploads\/2024\/05\/BW_SPD_Meyer_Sven_9103_RGB_zug-scaled.jpg","datePublished":"2024-04-17T13:38:11+00:00","dateModified":"2024-05-30T10:52:44+00:00","breadcrumb":{"@id":"https:\/\/www.kein-alter-hut.de\/index.php\/dafuer-stehe-ich\/#breadcrumb"},"inLanguage":"de","potentialAction":[{"@type":"ReadAction","target":["https:\/\/www.kein-alter-hut.de\/index.php\/dafuer-stehe-ich\/"]}]},{"@type":"ImageObject","inLanguage":"de","@id":"https:\/\/www.kein-alter-hut.de\/index.php\/dafuer-stehe-ich\/#primaryimage","url":"https:\/\/www.kein-alter-hut.de\/wp-content\/uploads\/2024\/05\/BW_SPD_Meyer_Sven_9103_RGB_zug-scaled.jpg","contentUrl":"https:\/\/www.kein-alter-hut.de\/wp-content\/uploads\/2024\/05\/BW_SPD_Meyer_Sven_9103_RGB_zug-scaled.jpg","width":1979,"height":2560},{"@type":"BreadcrumbList","@id":"https:\/\/www.kein-alter-hut.de\/index.php\/dafuer-stehe-ich\/#breadcrumb","itemListElement":[{"@type":"ListItem","position":1,"name":"Startseite","item":"https:\/\/www.kein-alter-hut.de\/"},{"@type":"ListItem","position":2,"name":"Daf\u00fcr stehe ich"}]},{"@type":"WebSite","@id":"https:\/\/www.kein-alter-hut.de\/#website","url":"https:\/\/www.kein-alter-hut.de\/","name":"Sven Meyer MdA","description":"Sven Meyer - Ihr Abgeordneter f\u00fcr Wittenau, Waidmannslust, Borsigwalde und Tegel","potentialAction":[{"@type":"SearchAction","target":{"@type":"EntryPoint","urlTemplate":"https:\/\/www.kein-alter-hut.de\/?s={search_term_string}"},"query-input":{"@type":"PropertyValueSpecification","valueRequired":true,"valueName":"search_term_string"}}],"inLanguage":"de"}]}},"_links":{"self":[{"href":"https:\/\/www.kein-alter-hut.de\/index.php\/wp-json\/wp\/v2\/pages\/2009","targetHints":{"allow":["GET"]}}],"collection":[{"href":"https:\/\/www.kein-alter-hut.de\/index.php\/wp-json\/wp\/v2\/pages"}],"about":[{"href":"https:\/\/www.kein-alter-hut.de\/index.php\/wp-json\/wp\/v2\/types\/page"}],"author":[{"embeddable":true,"href":"https:\/\/www.kein-alter-hut.de\/index.php\/wp-json\/wp\/v2\/users\/1"}],"replies":[{"embeddable":true,"href":"https:\/\/www.kein-alter-hut.de\/index.php\/wp-json\/wp\/v2\/comments?post=2009"}],"version-history":[{"count":7,"href":"https:\/\/www.kein-alter-hut.de\/index.php\/wp-json\/wp\/v2\/pages\/2009\/revisions"}],"predecessor-version":[{"id":2181,"href":"https:\/\/www.kein-alter-hut.de\/index.php\/wp-json\/wp\/v2\/pages\/2009\/revisions\/2181"}],"wp:attachment":[{"href":"https:\/\/www.kein-alter-hut.de\/index.php\/wp-json\/wp\/v2\/media?parent=2009"}],"curies":[{"name":"wp","href":"https:\/\/api.w.org\/{rel}","templated":true}]}}