{"id":911,"date":"2023-06-29T11:29:25","date_gmt":"2023-06-29T11:29:25","guid":{"rendered":"https:\/\/www.kein-alter-hut.de\/?page_id=911"},"modified":"2026-02-05T11:44:55","modified_gmt":"2026-02-05T11:44:55","slug":"schriftliche-anfragen","status":"publish","type":"page","link":"https:\/\/www.kein-alter-hut.de\/index.php\/schriftliche-anfragen\/","title":{"rendered":"Schriftliche Anfragen"},"content":{"rendered":"\n<p class=\"has-medium-font-size\"><strong>Schriftliche Anfragen<\/strong><\/p>\n\n\n\n<p>Aktuell:<\/p>\n\n\n\n<ul class=\"wp-block-list\">\n<li><a href=\"https:\/\/www.kein-alter-hut.de\/wp-content\/uploads\/2026\/02\/2026-01-15-Kuehnmann-Grunow-Meyer_Gute-Arbeit-an-den-Musikschulen.-Wie-viele-Honorardozentinnen-koennen-mit-weiteren-vier-Millionen-Euro-fest-angestellt-werden_S19-24883.pdf\">Gute Arbeit an den Musikschulen &#8211; Wie viele Honorardozent:innen k\u00f6nnen mit weiteren vier Millionen Euro fest angestellt werden und wie sind die Modalit\u00e4ten?<\/a><\/li>\n\n\n\n<li><a href=\"https:\/\/www.kein-alter-hut.de\/wp-content\/uploads\/2026\/02\/2025-10-07-Duesterhoeft-Koenig-Meyer_Wachschutz-im-Museum-\u2013-Ein-Verstoss-gegen-EU-Beihilferecht.-Der-Fall-TM-GmbH_S19-24096.pdf\">Wachschutz im Museum \u2013 Ein Versto\u00df gegen EU-Beihilferecht? Der Fall T&amp;M GmbH<\/a><\/li>\n\n\n\n<li><a href=\"https:\/\/www.kein-alter-hut.de\/wp-content\/uploads\/2026\/02\/2025-09-23-Meyer_Strafabgabe-oder-solidarische-Unterstuetzung.-Wer-profitiert-von-der-IHK-Umlage_S19-24363.pdf\">Strafabgabe oder solidarische Unterst\u00fctzung \u2013 Wer profitiert von der IHK Umlage?<\/a><\/li>\n\n\n\n<li><a href=\"https:\/\/www.kein-alter-hut.de\/wp-content\/uploads\/2026\/02\/2025-09-23-Meyer_Bauvorhaben-an-der-Schlossstrasse-23-in-Berlin-Tegel_S19-24362.pdf\">Bauvorhaben an der Schlo\u00dfstra\u00dfe 23 in Berlin Tegel<\/a><\/li>\n\n\n\n<li><a href=\"https:\/\/www.kein-alter-hut.de\/wp-content\/uploads\/2026\/02\/2025-08-06-Meyer_Defekte-Leuchten-am-S-Bahnhof-Tegel-Wer-ist-verantwortlich-fuer-die-Verkehrssicherheit_S19-23616.pdf\">Defekte Leuchten am S-Bahnhof Tegel: Wer ist verantwortlich f\u00fcr die Verkehrssicherheit?<\/a><\/li>\n\n\n\n<li><a href=\"https:\/\/www.kein-alter-hut.de\/wp-content\/uploads\/2026\/02\/2025-07-25-Duesterhoeft-Meyer_Kosten-der-Unterkunft-in-Berlin.-Wie-realistisch-sind-die-festgelegten-Obergrenzen_S19-23271.pdf\">Kosten der Unterkunft in Berlin \u2013 Wie realistisch sind die festgelegten Obergrenzen?<\/a><\/li>\n\n\n\n<li><a href=\"https:\/\/www.kein-alter-hut.de\/wp-content\/uploads\/2026\/02\/2025-07-04-Meyer-Aydin_Entwicklung-und-Zukunft-von-vollschulischen-Ausbildungsplaetzen-an-den-OSZ_S19-23270.pdf\">Entwicklung und Zukunft von vollschulischen Ausbildungspl\u00e4tzen an den OSZ<\/a><\/li>\n\n\n\n<li><a href=\"https:\/\/www.kein-alter-hut.de\/wp-content\/uploads\/2026\/02\/2025-06-25-Meyer-Freier-Winterwerb-Neumann_Welche-Angebote-der-queeren-Jugendarbeit-werden-in-Reinickendorf-unterstuetzt_S19-23162.pdf\">Welche Angebote der queeren Jugendarbeit werden in Reinickendorf unterst\u00fctzt?<\/a><\/li>\n\n\n\n<li><a href=\"https:\/\/www.kein-alter-hut.de\/wp-content\/uploads\/2026\/02\/2025-06-17-Geisel-Meyer_Gute-Arbeit-in-der-Kultur-Teil-2-Finanzierung-der-Tarifbindung-2024-und-2025_S19-23022.pdf\">Gute Arbeit in der Kultur \u2013 Teil 2: Finanzierung der Tarifbindung 2024 und 2025<\/a><\/li>\n\n\n\n<li><a href=\"https:\/\/www.kein-alter-hut.de\/wp-content\/uploads\/2026\/02\/2025-04-10-Meyer_Verdraengung-von-Gewerbe-im-EpB-Gebiet-4-Borsigdamm-in-Reinickendorf_S19-22468.pdf\">Verdr\u00e4ngung von Gewerbe im EpB-Gebiet 4 Borsigdamm in Reinickendorf<\/a><\/li>\n\n\n\n<li><a href=\"https:\/\/www.kein-alter-hut.de\/wp-content\/uploads\/2026\/02\/2025-04-04-Meyer-Kuehnemann-Grunow_Wirtschaftsfoerderung-fuer-Berlin.-Auslandsbueros-des-Berlin-Partner-Berlin-Business-Location-Centers_S19-22321.pdf\">Wirtschaftsf\u00f6rderung f\u00fcr Berlin \u2013 Auslandsb\u00fcros des Berlin Partner Berlin Business Location Centers<\/a><\/li>\n\n\n\n<li><a href=\"https:\/\/www.kein-alter-hut.de\/wp-content\/uploads\/2026\/02\/2025-03-28-Geisel-Meyer_Gute-Arbeit-in-der-Kultur-Teil-1-Tarifbindung-und-betriebliche-Mitbestimmung_S19-22244.pdf\">Gute Arbeit in der Kultur \u2013 Teil 1: Tarifbindung und betriebliche Mitbestimmung<\/a><\/li>\n\n\n\n<li><a href=\"https:\/\/www.kein-alter-hut.de\/wp-content\/uploads\/2026\/02\/2025-02-27-Meyer-Kuehnemann-Grunow_Wie-gut-ist-das-Angebot-von-Erasmus-im-Verantwortungsbereich-des-Landes_S19-21802.pdf\">Wie gut ist das Angebot von Erasmus+ im Verantwortungsbereich des Landes?<\/a><\/li>\n\n\n\n<li><a href=\"https:\/\/www.kein-alter-hut.de\/wp-content\/uploads\/2026\/02\/2025-02-27-Meyer-Kuehnemann-Grunow_Sponsoring-im-Kulturbereich-\u2013-Eine-Gefahr-fuer-Kunstfreiheit-und-Glaubwuerdigkeit_S19-21856.pdf\">Sponsoring im Kulturbereich \u2013 Eine Gefahr f\u00fcr Kunstfreiheit und Glaubw\u00fcrdigkeit?<\/a><\/li>\n\n\n\n<li><a href=\"https:\/\/www.kein-alter-hut.de\/wp-content\/uploads\/2026\/02\/2025-02-11-Meyer-Matz_Welche-Planungen-gibt-es-fuer-die-Zukunft-des-Polizeiabschnitts-11-in-Tegel_S19-21857.pdf\">Welche Planungen gibt es f\u00fcr die Zukunft des Polizeiabschnitts 11 in Tegel?<\/a><\/li>\n\n\n\n<li><a href=\"https:\/\/www.kein-alter-hut.de\/wp-content\/uploads\/2026\/02\/2025-01-07-Meyer-Wohlert_Gewaesserschutz-in-Reinickendorf-I-Parkgraben-und-Parkgrabenteich-in-Wittenau_S19-21297.pdf\">Gew\u00e4sserschutz in Reinickendorf (I): Parkgraben und Parkgrabenteich in Wittenau<\/a><\/li>\n\n\n\n<li><a href=\"https:\/\/www.kein-alter-hut.de\/wp-content\/uploads\/2025\/02\/S19-21313.pdf\">Warum muss der L\u00e4ndliche Reiterverein Tegel e. V. seinen langj\u00e4hrigen Standort r\u00e4umen?<\/a><\/li>\n\n\n\n<li><a href=\"https:\/\/www.kein-alter-hut.de\/wp-content\/uploads\/2025\/01\/S19-20937.pdf\">Finanzierung von Dozent:innen an Musikschulen -Nachfrage<\/a><\/li>\n\n\n\n<li><a href=\"https:\/\/www.kein-alter-hut.de\/wp-content\/uploads\/2025\/01\/S19-17653-1.pdf\">Finanzierung von Betriebsr\u00e4ten bei Zuwendungsbetrieben<\/a><\/li>\n\n\n\n<li><a href=\"https:\/\/www.kein-alter-hut.de\/wp-content\/uploads\/2025\/01\/S19-17414-1.pdf\">Schlichtungsverfahren bekannt machen<\/a><\/li>\n\n\n\n<li><a href=\"https:\/\/www.kein-alter-hut.de\/wp-content\/uploads\/2025\/01\/S19-20793.pdf\">Zukunft der Gr\u00fcnanlage \u201eBernhard-Lichtenberg-Platz\u201c in Tegel S\u00fcd \u2012 Nachfrage 2<\/a><\/li>\n\n\n\n<li><a href=\"https:\/\/www.kein-alter-hut.de\/wp-content\/uploads\/2025\/01\/S19-21031-1.pdf\">Fachkr\u00e4fte aus Namibia \u2013 Was planen IHK und das Land Berlin konkret?<\/a><\/li>\n\n\n\n<li><a href=\"https:\/\/www.kein-alter-hut.de\/wp-content\/uploads\/2025\/01\/2024-07-17-Meyer-Lasic_Wie-sind-die-Honorare-fuer-Dolmetscherinnen-im-Land-Berlin-geregelt_S19-19636.pdf\">Wie sind die Honorare f\u00fcr Dolmetscher:innen im Land Berlin geregelt?<\/a><\/li>\n\n\n\n<li><a href=\"https:\/\/www.kein-alter-hut.de\/wp-content\/uploads\/2024\/07\/S19-19216.pdf\">Ausschreibung der Dienstleistung Wachschutz im Technikmuseum &#8211; Plant der Senat im gro\u00dfen Stil die Privatisierung der Landesunternehmen?<\/a><\/li>\n\n\n\n<li><a href=\"https:\/\/www.kein-alter-hut.de\/wp-content\/uploads\/2024\/07\/S19-19067.pdf\">Was ist aus dem Mahnmal f\u00fcr die &#8222;Opfer des Faschismus &#8211; Rassisch Verfolgte&#8220; in Alt-Tegel geworden?<\/a><\/li>\n\n\n\n<li><a href=\"https:\/\/www.kein-alter-hut.de\/wp-content\/uploads\/2024\/07\/S19-19039.pdf\">Was kostet die Integration der BT Berlin Transport GmbH in die BVG?<\/a><\/li>\n\n\n\n<li><a href=\"https:\/\/www.kein-alter-hut.de\/wp-content\/uploads\/2024\/07\/S19-19029.pdf\">Zuk\u00fcnftige Planungen f\u00fcr die Gemeinschaftsunterkunft in der Bernauer Stra\u00dfe in Tegel-S\u00fcd<\/a><\/li>\n\n\n\n<li><a href=\"https:\/\/www.kein-alter-hut.de\/wp-content\/uploads\/2024\/05\/S19-18787_Bernhard_Lichtenberg_Platz.pdf\">Zukunft der Gr\u00fcnanlage \u201eBernhard-Lichtenberg-Platz\u201c in Tegel S\u00fcd \u2012 Nachfrage<br>und Antwort vom 22. April 2024<\/a><\/li>\n\n\n\n<li><a href=\"https:\/\/www.kein-alter-hut.de\/wp-content\/uploads\/2024\/05\/S19-18649_Zuwendung_Land_Berlin.pdf\">\u201eVereinfachung, Optimierung und Digitalisierung von Zuwendungen im Land Berlin\u201c &#8211; Wie wird die Beteiligung der Gewerkschaften gesichert?<br>und Antwort vom 2. April 2024<\/a><\/li>\n\n\n\n<li><a href=\"https:\/\/www.kein-alter-hut.de\/wp-content\/uploads\/2024\/05\/S19-18477_Gute_Arbeit_III.pdf\">Gute Arbeit im Verantwortungsbereich des Landes Berlin III \u2013 Befristungen im unmittelbaren Landesdienst<br>und Antwort vom 18. M\u00e4rz 2024<\/a><\/li>\n\n\n\n<li><a href=\"https:\/\/www.kein-alter-hut.de\/wp-content\/uploads\/2024\/05\/S19-18342-2_Gute_Arbeit_II.pdf\">Gute Arbeit im Verantwortungsbereich des Landes Berlin II \u2212 Leiharbeit und Besch\u00e4ftigung von Fremdfirmen<br>und Antwort vom 11. M\u00e4rz 2024<\/a><\/li>\n\n\n\n<li><a href=\"https:\/\/www.kein-alter-hut.de\/wp-content\/uploads\/2024\/05\/S19-18368-3_Gute_Arbeit_I.pdf\">Gute Arbeit im Verantwortungsbereich des Landes Berlin I \u2013 Tarifbindung, Befristungen und betriebliche Mitbestimmung<br>und Antwort vom 11. M\u00e4rz 2024<\/a><\/li>\n\n\n\n<li><a href=\"https:\/\/www.kein-alter-hut.de\/wp-content\/uploads\/2024\/05\/S19-18291-2_Gruen_Berlin_MAV.pdf\">Warum gibt es keinen Betriebsrat bei Gr\u00fcn Berlin GmbH, sondern nur eine nicht-gesetzeskonforme Mitarbeitervertretung (MAV)? \u2013 Nachfrage<br>und Antwort vom 29. Februar 2024<\/a><\/li>\n\n\n\n<li><a href=\"https:\/\/www.kein-alter-hut.de\/wp-content\/uploads\/2024\/05\/S19-18197.pdf\">Zukunft der Gr\u00fcnanlage \u201eBernhard-Lichtenberg-Platz\u201c in Tegel S\u00fcd<br>und Antwort vom 28. Februar 2024<\/a><\/li>\n\n\n\n<li><a href=\"https:\/\/www.kein-alter-hut.de\/wp-content\/uploads\/2024\/05\/S19-17926_Landesbetrieb_Gebaeudebewirschaftung-3.pdf\">M\u00f6glichkeiten der Ausweitung der T\u00e4tigkeiten des Landebetriebs f\u00fcr Geb\u00e4udebewirtschaftung Betriebsteil A und B <br>und Antwort vom 2. Februar 2024<\/a><\/li>\n\n\n\n<li><a href=\"https:\/\/www.kein-alter-hut.de\/wp-content\/uploads\/2024\/05\/S19-17653_Betriebsraete_Zuwendungsbetriebe.pdf\">Finanzierung von Betriebsr\u00e4ten bei Zuwendungsbetrieben<br>und Antwort vom 21. Dezember 2023<\/a><\/li>\n\n\n\n<li><a href=\"https:\/\/www.kein-alter-hut.de\/wp-content\/uploads\/2024\/05\/S19-17573_Gruen_Berlin_I.pdf\">Warum gibt es keinen Betriebsrat bei Gr\u00fcn Berlin GmbH, sondern nur eine nicht-gesetzeskonforme Mitarbeitervertretung (MAV)?<br>und Antwort vom 21. Dezember 2023<\/a><\/li>\n\n\n\n<li><a href=\"https:\/\/www.kein-alter-hut.de\/wp-content\/uploads\/2024\/05\/S19-17414.pdf\">Schlichtungsverfahren bekannt machen<br>und Antwort vom 8. Dezember 2023<\/a><\/li>\n\n\n\n<li><a href=\"https:\/\/www.kein-alter-hut.de\/wp-content\/uploads\/2024\/05\/S19-17413_Passiv_Aktiv.pdf\">Nutzung des Passiv-Aktiv-Transfer transparent machen<br>und Antwort vom 7. Dezember 2023<\/a><\/li>\n\n\n\n<li><a href=\"https:\/\/www.kein-alter-hut.de\/wp-content\/uploads\/2024\/05\/S19-17412_Traeger_Jobcenter-compressed.pdf\">Transparenz \u00fcber Tr\u00e4gerversammlungen und \u00f6rtliche Beir\u00e4te der Jobcenter schaffen<br>und Antwort vom 6. Dezember 2023<\/a><\/li>\n\n\n\n<li><a href=\"https:\/\/www.kein-alter-hut.de\/wp-content\/uploads\/2024\/05\/S19-17398.pdf\">Schutz unserer Gew\u00e4sser \u2013 die Bedeutung von Gew\u00e4sserrandstreifen sichern!<br>und Antwort vom 1. Dezember 2023<\/a><\/li>\n\n\n\n<li><a href=\"https:\/\/www.kein-alter-hut.de\/wp-content\/uploads\/2024\/05\/S19-17288_Dozentinnen_musikschulen.pdf\">Finanzierung von Dozent:innen an Musikschulen<br>und Antwort vom 17. November 2023<\/a><\/li>\n\n\n\n<li><a href=\"https:\/\/www.kein-alter-hut.de\/wp-content\/uploads\/2024\/05\/S19-17037_Avenue_Charles.pdf\">Avenue Charles de Gaulle 15 \/ Cit\u00e9 Foch<br>und Antwort vom 31. Oktober 2023<\/a><\/li>\n\n\n\n<li><a href=\"https:\/\/www.kein-alter-hut.de\/wp-content\/uploads\/2024\/05\/S19-17039-2_barrierefreie_arztpraxen.pdf\">Barrierefreie Arztpraxen in Berlin<br>und Antwort vom 25. Oktober 2023<\/a><\/li>\n\n\n\n<li><a href=\"https:\/\/www.kein-alter-hut.de\/wp-content\/uploads\/2024\/05\/S19-17038-1_Gaslaternen.pdf\">Zukunft der Gaslaternen in Reinickendorf<br>und Antwort vom 24. Oktober 2023<\/a><\/li>\n\n\n\n<li><a href=\"https:\/\/www.kein-alter-hut.de\/wp-content\/uploads\/2024\/05\/S19-16515_\u00a716i.pdf\">Finanzierung der Besch\u00e4ftigungsf\u00f6rderung des Landes Berlin mit dem Instrument \u201eTeilhabe am Arbeitsmarkt &#8211; Erg\u00e4nzungsf\u00f6rderung nach<br>\u00a7 16i SGB II\u201c bei gemeinwohlorientierten Arbeitgebern<br>und Antwort vom 08. September 2023<\/a><\/li>\n\n\n\n<li><a href=\"https:\/\/www.kein-alter-hut.de\/wp-content\/uploads\/2024\/05\/S19-16279-1_fr_traeger.pdf\">Refinanzierung von Tarifvertr\u00e4gen bei den freien Tr\u00e4gern<br>und Antwort vom 18. August 2023<\/a><\/li>\n\n\n\n<li><a href=\"https:\/\/www.kein-alter-hut.de\/wp-content\/uploads\/2024\/05\/S19-16045-1_Kosten_Schulreinigung.pdf\">Wie viel kostet die Rekommunalisierung der Schulreinigung?<br>und Antwort vom 20. Juli 2023<\/a><\/li>\n\n\n\n<li><a href=\"https:\/\/www.kein-alter-hut.de\/wp-content\/uploads\/2024\/05\/S19-15887_atrium.pdf\">Sicherung der Jugendkunstschule \u201eAtrium\u201c in Reinickendorf<br>und Antwort vom 07. Juli 2023<\/a><\/li>\n\n\n\n<li><a href=\"https:\/\/www.kein-alter-hut.de\/wp-content\/uploads\/2024\/05\/S19-15324-2_Trettach.pdf\">Aktueller Kenntnisstand zu Bodenverunreinigungen im Bereich zwischen Trettachzeile, Ziekowstra\u00dfe, Trepliner Weg und A111<br>und Antwort vom 04. Mai 2023<\/a><\/li>\n\n\n\n<li><a href=\"https:\/\/www.kein-alter-hut.de\/wp-content\/uploads\/2024\/05\/S19-14376-1_ausbildung_klima.pdf\">Entwicklung und Stand der Ausbildungssituation in den klimarelevanten Berufen<br>und Antwort vom 05. Januar 2023<\/a><\/li>\n\n\n\n<li><a href=\"https:\/\/www.kein-alter-hut.de\/wp-content\/uploads\/2024\/05\/S19-13111_reinigung_osz.pdf\">Wer reinigt die Berliner Oberstufenzentren (OSZ)?<br>und Antwort vom 20. September 2022<\/a><\/li>\n\n\n\n<li><a href=\"https:\/\/www.kein-alter-hut.de\/wp-content\/uploads\/2024\/05\/S19-13112_outsourcing_bvg.pdf\">Outsourcing von Buslinien bei der BVG<br>und Antwort vom 14. September 2022<\/a><\/li>\n\n\n\n<li><a href=\"https:\/\/www.kein-alter-hut.de\/wp-content\/uploads\/2024\/05\/S19-13015vivantes_tvoed.pdf\">Schwierigkeiten bei der \u00dcberleitung der Vivantes-T\u00f6chter in den TV\u00f6D<br>und Antwort vom 12. September 2022<\/a><\/li>\n\n\n\n<li><a href=\"https:\/\/www.kein-alter-hut.de\/wp-content\/uploads\/2024\/05\/S19-13017tarif_landeseigen.pdf\">Tarifbindung, Landesmindestlohn und Mitarbeitervertretungen bei landeseigenen Unternehmen<br>und Antwort vom 07. September 2022<\/a><\/li>\n\n\n\n<li><a href=\"https:\/\/www.kein-alter-hut.de\/wp-content\/uploads\/2024\/05\/S19-13016-1_gruen_berlin_22.pdf\">Ein Landesunternehmen das Fragen aufwirft &#8211; Nachfrage zu Tarifbindung, Landesmindestlohn und Mitarbeitervertretungen bei der Gr\u00fcn Berlin GmbH<br>und Antwort vom 06. September 2022<\/a><\/li>\n\n\n\n<li><a href=\"https:\/\/www.kein-alter-hut.de\/wp-content\/uploads\/2024\/05\/S19-12957prignitzbahn.pdf\">Prignitzbahn und die Anbindung von Reinickendorf an das Umland<br>und Antwort vom 30. August 2022<\/a><\/li>\n\n\n\n<li><a href=\"https:\/\/www.kein-alter-hut.de\/wp-content\/uploads\/2024\/05\/S19-12719leer_trettach.pdf\">Leerstand Trettachzeile 15, 13509 Berlin<br>und Antwort vom 11. August 2022<\/a><\/li>\n\n\n\n<li><a href=\"https:\/\/www.kein-alter-hut.de\/wp-content\/uploads\/2024\/05\/S19-12349gruen_berlin_6_22.pdf\">Ein Landesunternehmen, das Fragen aufwirft &#8211; Tarifbindung, Landesmindestlohn und Mitarbeitervertretungen bei der Gr\u00fcn Berlin GmbH<br>und Antwort vom 13. Juli 2022<\/a><\/li>\n\n\n\n<li><a href=\"https:\/\/www.kein-alter-hut.de\/wp-content\/uploads\/2024\/05\/S19-12348werkstaetten_schulen.pdf\">Werkst\u00e4tten an Berliner Schulen<br>und Antwort vom 13. Juli 2022<\/a><\/li>\n\n\n\n<li><a href=\"https:\/\/www.kein-alter-hut.de\/wp-content\/uploads\/2024\/05\/S19-12351ausbildung_stiftungen.pdf\">Ausbildungspl\u00e4tze bei Stiftungen \u00f6ffentlichen Rechts<br>und Antwort vom 08. Juli 2022<\/a><\/li>\n\n\n\n<li><a href=\"https:\/\/www.kein-alter-hut.de\/wp-content\/uploads\/2024\/05\/S19-12350ausbildung_landeseigen.pdf\">Ausbildungspl\u00e4tze bei landeseigenen Unternehmen<br>und Antwort vom 08. Juli 2022<\/a><\/li>\n\n\n\n<li><a href=\"https:\/\/www.kein-alter-hut.de\/wp-content\/uploads\/2024\/05\/S19-12266_stiftungern_oeffentl.pdf\">Landeseigene Stiftungen des \u00f6ffentlichen Rechts<br>und Antwort vom 06. Juli 2022<\/a><\/li>\n<\/ul>\n\n\n\n<p>____________________________________________<\/p>\n\n\n<div class=\"wp-block-image\">\n<figure class=\"alignleft size-large is-resized\"><img fetchpriority=\"high\" decoding=\"async\" width=\"768\" height=\"1024\" src=\"https:\/\/www.kein-alter-hut.de\/wp-content\/uploads\/2024\/03\/IMG_20230131_123214-1-768x1024.jpg\" alt=\"\" class=\"wp-image-1884\" style=\"width:369px;height:auto\" srcset=\"https:\/\/www.kein-alter-hut.de\/wp-content\/uploads\/2024\/03\/IMG_20230131_123214-1-768x1024.jpg 768w, https:\/\/www.kein-alter-hut.de\/wp-content\/uploads\/2024\/03\/IMG_20230131_123214-1-225x300.jpg 225w, https:\/\/www.kein-alter-hut.de\/wp-content\/uploads\/2024\/03\/IMG_20230131_123214-1-1152x1536.jpg 1152w, https:\/\/www.kein-alter-hut.de\/wp-content\/uploads\/2024\/03\/IMG_20230131_123214-1-1536x2048.jpg 1536w, https:\/\/www.kein-alter-hut.de\/wp-content\/uploads\/2024\/03\/IMG_20230131_123214-1-scaled.jpg 1920w\" sizes=\"(max-width: 768px) 100vw, 768px\" \/><\/figure>\n<\/div>\n\n\n<p><strong>Die unendliche Geschichte der Verm\u00fcllung eines Grundst\u00fccks nebst B\u00fcrgersteigs in Borsigwalde und die Unf\u00e4higkeit des Bezirksamts, diesem Missstand zu beseitigen.<\/strong><\/p>\n\n\n\n<p>\u2192 <a href=\"https:\/\/www.kein-alter-hut.de\/wp-content\/uploads\/2024\/03\/2024-03-12-PM-Muellberg-Borsigwalde-Sven-Meyer_Angela-Budweg.pdf\" target=\"_blank\" rel=\"noreferrer noopener\">Gemeinsame Pressemitteilung mit Angela Budweg (stadtentwicklungspolitische Sprecherin der BVV-Fraktion)<\/a><\/p>\n\n\n\n<p>\u2192 <a href=\"https:\/\/www.kein-alter-hut.de\/wp-content\/uploads\/2024\/03\/Antwort-Muellberg-Borsigwalde-S19-18055.pdf\" target=\"_blank\" rel=\"noreferrer noopener\">Zur Anfrage: Was wird getan, damit der Vermieter seiner Verantwortung bez\u00fcglich der Beseitigung des M\u00fclls Holzhauser Stra\u00dfe 69\/R\u00e4uschstra\u00dfe in Reinickendorf nachkommt?<\/a><br>(Antwort vom 13.2.2024)<\/p>\n\n\n\n<p><br><br><br><br><br><br><br><br><br><br><br><br><br><br><\/p>\n\n\n\n<p>____________________________________________<br><\/p>\n\n\n<div class=\"wp-block-image\">\n<figure class=\"alignleft size-large is-resized\"><img decoding=\"async\" width=\"1024\" height=\"515\" src=\"https:\/\/www.kein-alter-hut.de\/wp-content\/uploads\/2024\/02\/charite_vivantes_logo-1024x515.jpeg\" alt=\"\" class=\"wp-image-1695\" style=\"width:381px;height:auto\" srcset=\"https:\/\/www.kein-alter-hut.de\/wp-content\/uploads\/2024\/02\/charite_vivantes_logo-1024x515.jpeg 1024w, https:\/\/www.kein-alter-hut.de\/wp-content\/uploads\/2024\/02\/charite_vivantes_logo-300x151.jpeg 300w, https:\/\/www.kein-alter-hut.de\/wp-content\/uploads\/2024\/02\/charite_vivantes_logo-768x386.jpeg 768w, https:\/\/www.kein-alter-hut.de\/wp-content\/uploads\/2024\/02\/charite_vivantes_logo.jpeg 1493w\" sizes=\"(max-width: 1024px) 100vw, 1024px\" \/><\/figure>\n<\/div>\n\n\n<p><strong>Kosten f\u00fcr die Anwendung des TV\u00f6D bei den Tochtergesellschaften von Charit\u00e9 und Vivantes<\/strong><\/p>\n\n\n\n<p>Immer wieder werden v\u00f6llig aus der Luft gegriffene Zahlen kolportiert, wenn es um die vom Abgeordnetenhaus beschlossenen R\u00fcckf\u00fchrungen von einst ausgegliederten Tochterunternehmen in die Mutterkonzerne geht. Dies ist beim Technikmuseum nicht anders als bei den gro\u00dfen Berliner Krankenhausbetrieben.<\/p>\n\n\n\n<p>Die vorliegende Anfrage soll endlich eine verl\u00e4ssliche und nachvollziehbare Zahlenbasis schaffen, auf der \u00fcber die entsprechenden Haushaltsmittel diskutiert werden kann.<\/p>\n\n\n\n<p>\u00dcbrigens: all diese zus\u00e4tzlichen Kosten f\u00fcr die R\u00fcckf\u00fchrung h\u00e4tte man sich sparen k\u00f6nnen, w\u00e4re man nicht einst der neoliberalen Kostensenkungsideologie auf den Leim gegangen.<\/p>\n\n\n\n<p><a href=\"https:\/\/www.kein-alter-hut.de\/wp-content\/uploads\/2024\/02\/Koenig-Duesterhoeft-Meyer_Gute-Arbeit-fuer-die-Tochterbeschaeftigten-von-Vivantes-und-der-Charite-Kosten-Anwendung-TVoeD_S19-17574.pdf\">\u2192 Link zur Anfrage<\/a> (21.12.2022)<\/p>\n\n\n\n<p><br>____________________________________________<\/p>\n\n\n<div class=\"wp-block-image\">\n<figure class=\"alignleft size-full is-resized\"><img decoding=\"async\" width=\"495\" height=\"360\" src=\"https:\/\/www.kein-alter-hut.de\/wp-content\/uploads\/2024\/02\/image.png\" alt=\"\" class=\"wp-image-1689\" style=\"width:349px;height:auto\" srcset=\"https:\/\/www.kein-alter-hut.de\/wp-content\/uploads\/2024\/02\/image.png 495w, https:\/\/www.kein-alter-hut.de\/wp-content\/uploads\/2024\/02\/image-300x218.png 300w\" sizes=\"(max-width: 495px) 100vw, 495px\" \/><\/figure>\n<\/div>\n\n\n<p><strong>Gute Arbeit bei Anwerbung Auszubildender aus nicht EU-Staaten<\/strong><\/p>\n\n\n\n<p>Ein immer noch zu wenig beachtetes Ph\u00e4nomen ist die Situation von Auszubildenden aus Nicht-EU-Staaten. Nicht nur, dass die Anwerbung nicht selten \u00fcber unseri\u00f6se Agenturen erfolgt, die mit betr\u00fcgerischen Methoden junge Menschen und ihre Familien unter dem Versprechen eines gut dotierten Ausbildungsplatzes um teilweise horrende Summen erleichtern; auch unter denen, die wirklich im deutschen Arbeitsmarkt eine qualifizierte T\u00e4tigkeit finden, sind oft &#8222;deutliche Hinweise f\u00fcr Benachteiligung&#8220; (ver.di) zu erkennen.<\/p>\n\n\n\n<p>Die Rahmenbedingungen f\u00fcr &#8222;gute Arbeit&#8220; ist das, was Arbeitnehmer:innen und Auszubildende von den Unternehmen erwarten d\u00fcrfen. Dies gilt f\u00fcr Menschen mit deutschem Pass wie Migrant:innen gleicherma\u00dfen. Meine Anfrage ist nur der Auftakt f\u00fcr eine notwendige Diskussion \u00fcber die Lebenswirklichkeit junger Menschen, die zu uns kommen, um unseren Fachkr\u00e4ftemangel zu beheben. Wir schulden ihnen nicht nur eine qualifizierte Ausbildung, sondern auch eine Willkommenskultur, die ihnen \u00fcber diesen Arbeitsplatz hinaus ein Leben nach ihren Vorstellungen erm\u00f6glicht.<\/p>\n\n\n\n<p>Gute Arbeit &#8211; gutes Leben.<\/p>\n\n\n\n<p>\u2192 <a href=\"https:\/\/www.kein-alter-hut.de\/wp-content\/uploads\/2024\/02\/Meyer_Gute-Arbeit-bei-Anwerbung-Auszubildender-aus-nicht-EU-Staaten_S19-17575.pdf\">Link zur Anfrage<\/a><br><\/p>\n\n\n\n<p>____________________________________________<br><br><\/p>\n\n\n<div class=\"wp-block-image\">\n<figure class=\"alignleft size-large is-resized\"><img loading=\"lazy\" decoding=\"async\" width=\"1024\" height=\"683\" src=\"https:\/\/www.kein-alter-hut.de\/wp-content\/uploads\/2023\/06\/technikmuseum-wortskulptur-01_red-1024x683.jpg\" alt=\"\" class=\"wp-image-920\" style=\"width:335px\" srcset=\"https:\/\/www.kein-alter-hut.de\/wp-content\/uploads\/2023\/06\/technikmuseum-wortskulptur-01_red-1024x683.jpg 1024w, https:\/\/www.kein-alter-hut.de\/wp-content\/uploads\/2023\/06\/technikmuseum-wortskulptur-01_red-300x200.jpg 300w, https:\/\/www.kein-alter-hut.de\/wp-content\/uploads\/2023\/06\/technikmuseum-wortskulptur-01_red-768x512.jpg 768w, https:\/\/www.kein-alter-hut.de\/wp-content\/uploads\/2023\/06\/technikmuseum-wortskulptur-01_red-1536x1024.jpg 1536w, https:\/\/www.kein-alter-hut.de\/wp-content\/uploads\/2023\/06\/technikmuseum-wortskulptur-01_red-2048x1365.jpg 2048w\" sizes=\"(max-width: 1024px) 100vw, 1024px\" \/><\/figure>\n<\/div>\n\n\n<p>Anfrage vom 19.Oktober 2023<\/p>\n\n\n\n<p><strong>Was kostet die Eingliederung der T&amp;M GmbH in die Stiftung Deutsches Technikmuseum Berlin?<\/strong><\/p>\n\n\n\n<p>Anderer Dienstherr, selbes Muster: wurden unter dem linken Senator Klaus Lederer die vom Abgeordnetenhaus l\u00e4ngst beschlossene R\u00fcckf\u00fchrung der T&amp;M GmbH ohne stichhaltige Erl\u00e4uterung mit gut 126.000 Euro personellen Mehrkosten per anno &#8222;berechnet&#8220;, verzw\u00f6lffacht dieselbe Verwaltung unter dem selbsterkl\u00e4rten Unternehmer Joe Chialo diesen Betrag mal eben &#8211; in einer geradezu grotesken Aufstellung nat\u00fcrlich ebenfalls ohne nachvollziehbare Grundlage.<br><br><a href=\"https:\/\/www.kein-alter-hut.de\/wp-content\/uploads\/2023\/11\/S19-17289-TM.pdf\">\u2192 Link zur Drucksache<\/a><\/p>\n\n\n\n<p><br><\/p>\n\n\n\n<p class=\"has-text-align-center\">____________________________________________<\/p>\n\n\n\n<p><br><\/p>\n\n\n<div class=\"wp-block-image\">\n<figure class=\"alignleft size-full is-resized\"><img loading=\"lazy\" decoding=\"async\" width=\"516\" height=\"91\" src=\"https:\/\/www.kein-alter-hut.de\/wp-content\/uploads\/2023\/09\/Logo_bagfw.png\" alt=\"\" class=\"wp-image-1242\" style=\"aspect-ratio:5.744186046511628;object-fit:cover;width:335px\" srcset=\"https:\/\/www.kein-alter-hut.de\/wp-content\/uploads\/2023\/09\/Logo_bagfw.png 516w, https:\/\/www.kein-alter-hut.de\/wp-content\/uploads\/2023\/09\/Logo_bagfw-300x53.png 300w\" sizes=\"(max-width: 516px) 100vw, 516px\" \/><\/figure>\n<\/div>\n\n\n<p>Anfrage vom 17.Juli 2023<\/p>\n\n\n\n<p><strong>Refinanzierung von Tarifvertr\u00e4gen bei den freien Tr\u00e4gern<\/strong><\/p>\n\n\n\n<p>Hintergrund ist der Umstand, dass die Besch\u00e4ftigten bei freien Tr\u00e4gern i.d.R. nicht nach dem Tarifvertrag der L\u00e4nder (TV-L) bezahlt werden, sondern nach denen der jeweiligen Tr\u00e4ger. In denen fehlen nicht selten Regelungen f\u00fcr Krankengeldzusch\u00fcsse, Zuschl\u00e4ge f\u00fcr Feiertags-, Nacht- oder Sonntagsarbeit, \u00dcberstunden oder die Betriebsrente, die sich zu erheblichen Nachteilen gegen\u00fcber den Landesbesch\u00e4ftigten summieren<br>(siehe <a href=\"https:\/\/www.kein-alter-hut.de\/wp-content\/uploads\/2023\/07\/Unbenannt-1.pdf\">Tagesspiegel-Artikel vom 7.Juni 2023<\/a>).<\/p>\n\n\n\n<p>\u2192 <a href=\"https:\/\/www.kein-alter-hut.de\/wp-content\/uploads\/2023\/09\/S19-16279_freie_Traeger_Tarif.pdf\">Link zur Drucksache<\/a><\/p>\n\n\n\n<p class=\"has-text-align-center\">                                                                         ____________________________________________<\/p>\n\n\n<div class=\"wp-block-image\">\n<figure class=\"alignleft size-full is-resized\"><img loading=\"lazy\" decoding=\"async\" width=\"400\" height=\"400\" src=\"https:\/\/www.kein-alter-hut.de\/wp-content\/uploads\/2023\/07\/ba-logo-default.jpg\" alt=\"\" class=\"wp-image-1100\" style=\"width:335px\" srcset=\"https:\/\/www.kein-alter-hut.de\/wp-content\/uploads\/2023\/07\/ba-logo-default.jpg 400w, https:\/\/www.kein-alter-hut.de\/wp-content\/uploads\/2023\/07\/ba-logo-default-300x300.jpg 300w, https:\/\/www.kein-alter-hut.de\/wp-content\/uploads\/2023\/07\/ba-logo-default-150x150.jpg 150w\" sizes=\"(max-width: 400px) 100vw, 400px\" \/><\/figure>\n<\/div>\n\n\n<p>Anfrage vom 27.Juni 2023<\/p>\n\n\n\n<p><strong>Anfrage zum Beschwerdemanagement\/Schlichtungsverfahren nach \u00a7 15a SGB II in den Berliner Jobcentern<\/strong><br>\u2192 <a href=\"https:\/\/www.kein-alter-hut.de\/wp-content\/uploads\/2023\/07\/S19-16028_Jobcenter_Schlichtung.pdf\" target=\"_blank\" rel=\"noreferrer noopener\">Link zur Drucksache<\/a><\/p>\n\n\n\n<p><br>Gem\u00e4\u00df der Regelungen des SGB II wird mit den Leistungsbezieher:innen des B\u00fcrgergelds zuk\u00fcnftig unmittelbar eine Potenzialanalyse und ein Kooperationsplan erstellt, der die pers\u00f6nlichen Voraussetzungen und m\u00f6gliche Wege der Reintegration in den Arbeitsmarkt beschreiben soll. Kommt es \u00fcber diesen Plan zu einer Meinungsverschiedenheit zwischen den Mitarbeitenden der BA und dem\/der leistungsberechtigten B\u00fcrger:in, ist nach \u00a715a SGB II ein Schlichtungsverfahren vorgesehen.<\/p>\n\n\n\n<p>Die Senatsverwaltung f\u00fcr Arbeit best\u00e4tigt, dass f\u00fcr die Leitung dieses Verfahrens entweder eine Person aus der betroffenen Dienststelle oder aus der Agentur eines anderen Bezirks bestimmt wird.<\/p>\n\n\n\n<p>Ich halte diese Konstruktion im Sinne eines unabh\u00e4ngigen Schlichtungsverfahrens weiterhin f\u00fcr problematisch, werde die internen Diskussionen der Tr\u00e4gerversammlungen der bezirklichen BA&#8217;n weiter verfolgen und gegebenenfalls auf eine \u00c4nderung dieses Verfahrens dr\u00e4ngen.<\/p>\n\n\n\n<p class=\"has-text-align-center\">____________________________________________<br><br><\/p>\n\n\n<div class=\"wp-block-image\">\n<figure class=\"alignleft size-large is-resized\"><img loading=\"lazy\" decoding=\"async\" width=\"1024\" height=\"683\" src=\"https:\/\/www.kein-alter-hut.de\/wp-content\/uploads\/2023\/06\/technikmuseum-wortskulptur-01_red-1024x683.jpg\" alt=\"\" class=\"wp-image-920\" style=\"aspect-ratio:1.4970760233918128;object-fit:cover;width:335px\" srcset=\"https:\/\/www.kein-alter-hut.de\/wp-content\/uploads\/2023\/06\/technikmuseum-wortskulptur-01_red-1024x683.jpg 1024w, https:\/\/www.kein-alter-hut.de\/wp-content\/uploads\/2023\/06\/technikmuseum-wortskulptur-01_red-300x200.jpg 300w, https:\/\/www.kein-alter-hut.de\/wp-content\/uploads\/2023\/06\/technikmuseum-wortskulptur-01_red-768x512.jpg 768w, https:\/\/www.kein-alter-hut.de\/wp-content\/uploads\/2023\/06\/technikmuseum-wortskulptur-01_red-1536x1024.jpg 1536w, https:\/\/www.kein-alter-hut.de\/wp-content\/uploads\/2023\/06\/technikmuseum-wortskulptur-01_red-2048x1365.jpg 2048w\" sizes=\"(max-width: 1024px) 100vw, 1024px\" \/><\/figure>\n<\/div>\n\n\n<p><strong>Wann wird aus zwei eins? &#8211; Wann wird dem Beschluss des Abgeordnetenhauses durch die Stiftung Deutsches Technikmuseum Rechnung getragen?<\/strong><br>Bereits im August 2021 hatte das Abgeordnetenhaus beschlossen, das Tochterunternehmen T&amp;M Technik und Museum Marketing GmbH aufzul\u00f6sen und die Mitarbeiter:innen in die Stiftung Deutsches Technikmuseum zu \u00fcbernehmen. In der Anfrage vom 15.Mai 2023 bat ich &#8211; gemeinsam mit Bettina K\u00f6nig und Lars D\u00fcsterh\u00f6ft &#8211; um Auskunft \u00fcber den Sachstand.<\/p>\n\n\n\n<p>In der Antwort vom 2.Juni 2023 der zust\u00e4ndigen Senatsverwaltung f\u00fcr Kultur wurde auf verschiedene L\u00f6sungsans\u00e4tze (etwa hinsichtlich der Kolleg:innen) hingewiesen, die derzeit diskutiert w\u00fcrden.<\/p>\n\n\n\n<p>Diese Antwort kann &#8211; vor allem angesichts des zeitliche Vorlaufs &#8211; weder uns noch die Mitarbeitenden zufrieden stellen. Wir werden nunmehr verst\u00e4rkt auf eine rasche Umsetzung des AGH-Beschlusses dr\u00e4ngen.<\/p>\n\n\n\n<p>\u2192 <a href=\"https:\/\/www.kein-alter-hut.de\/wp-content\/uploads\/2023\/06\/S19-15627-1.pdf\" target=\"_blank\" rel=\"noreferrer noopener\">Schriftliche Anfrage 19 \/ 15 627 als Drucksache<\/a><\/p>\n\n\n\n<p class=\"has-text-align-center\">____________________________________________<br><br><\/p>\n\n\n<div class=\"wp-block-image\">\n<figure class=\"alignleft size-full is-resized\"><img loading=\"lazy\" decoding=\"async\" width=\"640\" height=\"426\" src=\"https:\/\/www.kein-alter-hut.de\/wp-content\/uploads\/2023\/06\/charite.png\" alt=\"\" class=\"wp-image-922\" style=\"aspect-ratio:1.2018779342723005;object-fit:cover;width:335px\" srcset=\"https:\/\/www.kein-alter-hut.de\/wp-content\/uploads\/2023\/06\/charite.png 640w, https:\/\/www.kein-alter-hut.de\/wp-content\/uploads\/2023\/06\/charite-300x200.png 300w\" sizes=\"(max-width: 640px) 100vw, 640px\" \/><\/figure>\n<\/div>\n\n\n<p><strong>Ungewollte Teilzeitarbeit und Fremdvergabe bei der Charit\u00e9 CFM Facility Management GmbH<br><\/strong>Von Mitarbeitenden wurde uns verschiedentlich zugetragen, dass die CFM ihrem Wunsch nach Erh\u00f6hung der jeweiligen Stundenzahl ignoriere, obwohl es eine erhebliche Zahl von unbesetzten Stellen und damit nicht geleisteten Arbeitsstunden &#8211; gebe. Weiterhin fragten Bettina K\u00f6nig und ich nach im Raum stehenden neuen Fremdvergaben von Aufgaben und Dienstleistungen.<\/p>\n\n\n\n<p>Die zust\u00e4ndige Senatsverwaltung f\u00fcr Gesundheit erkl\u00e4rte dazu am 26.Mai 2023, dass in der Regel den W\u00fcnschen nach Aufstockung der Arbeitszeit entsprochen werde und dass es dar\u00fcber hinaus auch keinen akuten Personalmangel gebe. Die Fremdvergabe sei lediglich bei Aufgaben von speziellen Qualifizierungs- und Ausstattungsmerkmalen notwendig und dementsprechend auf Einzelf\u00e4lle reduziert.<\/p>\n\n\n\n<p>Wir beobachten sowohl die Situation der Besch\u00e4ftigten, als auch die Fremdvergabe weiterhin sehr genau.<\/p>\n\n\n\n<p>\u2192 <a href=\"https:\/\/www.kein-alter-hut.de\/wp-content\/uploads\/2023\/06\/S19-15539-1.pdf\" target=\"_blank\" rel=\"noreferrer noopener\">Schriftliche Anfrage 19 \/ 15 539 als Drucksache<\/a><\/p>\n\n\n\n<p class=\"has-text-align-center\">____________________________________________<br><br><\/p>\n\n\n<div class=\"wp-block-image\">\n<figure class=\"alignleft size-full is-resized\"><img loading=\"lazy\" decoding=\"async\" width=\"851\" height=\"497\" src=\"https:\/\/www.kein-alter-hut.de\/wp-content\/uploads\/2023\/07\/LAGeSo_Logo.png\" alt=\"\" class=\"wp-image-935\" style=\"width:335px\" srcset=\"https:\/\/www.kein-alter-hut.de\/wp-content\/uploads\/2023\/07\/LAGeSo_Logo.png 851w, https:\/\/www.kein-alter-hut.de\/wp-content\/uploads\/2023\/07\/LAGeSo_Logo-300x175.png 300w, https:\/\/www.kein-alter-hut.de\/wp-content\/uploads\/2023\/07\/LAGeSo_Logo-768x449.png 768w\" sizes=\"(max-width: 851px) 100vw, 851px\" \/><\/figure>\n<\/div>\n\n\n<p><strong>Anerkennung ausl\u00e4ndischer Berufsabschl\u00fcsse, insbesondere MTL<br><\/strong>Auch die Berliner Wirtschaft leidet zunehmend unter dem sich versch\u00e4rfenden Fachkr\u00e4ftemangel. Von daher liegt es im wohlverstandenen Eigeninteresse Berlins, Zuwander:innen und Fl\u00fcchtlinge mit ihren in ihren Herkunftsl\u00e4ndern erworbenen Qualifikationen in den Arbeitsmarkt zu integrieren.<\/p>\n\n\n\n<p>Sinnbildlich daf\u00fcr steht die Situation in den medizinischen Laboratorien der Stadt, wie ich mich mit Bettina K\u00f6nig w\u00e4hrend eines Besuchs bei &#8222;Labor Berlin&#8220;, einem gemeinsamen Tochterunternehmen von Charit\u00e9 und Vivantes, das t\u00e4glich rund 35.000 Proben untersucht und v.a. unter dem Mangel an Medizinischen Technolog\/-innen f\u00fcr Laboratoriumsanalytik (MTL) leidet.<\/p>\n\n\n\n<p>Das Landesamt f\u00fcr Gesundheit und Soziales (LaGeSo) identifizierte in 2022 ca. 2.500, in 2023 rund 3.500 Antr\u00e4ge auf Anerkennung von ausl\u00e4ndischen Berufsabschl\u00fcssen im Gesundheitsbereich, die eine durchschnittliche Verfahrensdauer von etwa zwei Monaten erfordere. Sollten entsprechende Nachschulungen oder Anpassungslehrg\u00e4nge k\u00f6nnten bis zu 43 Wochen dauern, was naturgem\u00e4\u00df nicht zu beschleunigen sei.<\/p>\n\n\n\n<p>\u2192 <a href=\"https:\/\/www.kein-alter-hut.de\/wp-content\/uploads\/2023\/07\/S19-15559-1.pdf\" target=\"_blank\" rel=\"noreferrer noopener\">Schriftliche Anfrage 19 \/ 15 559 als Drucksache<\/a><\/p>\n\n\n\n<p class=\"has-text-align-center\">____________________________________________<br><br><\/p>\n\n\n<div class=\"wp-block-image\">\n<figure class=\"alignleft size-large is-resized\"><img loading=\"lazy\" decoding=\"async\" width=\"1024\" height=\"421\" src=\"https:\/\/www.kein-alter-hut.de\/wp-content\/uploads\/2023\/07\/Berlin_-_Karl-Bonhoeffer-Nervenklinik_Einfahrt-1024x421.jpg\" alt=\"\" class=\"wp-image-948\" style=\"width:335px\" srcset=\"https:\/\/www.kein-alter-hut.de\/wp-content\/uploads\/2023\/07\/Berlin_-_Karl-Bonhoeffer-Nervenklinik_Einfahrt-1024x421.jpg 1024w, https:\/\/www.kein-alter-hut.de\/wp-content\/uploads\/2023\/07\/Berlin_-_Karl-Bonhoeffer-Nervenklinik_Einfahrt-300x123.jpg 300w, https:\/\/www.kein-alter-hut.de\/wp-content\/uploads\/2023\/07\/Berlin_-_Karl-Bonhoeffer-Nervenklinik_Einfahrt-768x316.jpg 768w, https:\/\/www.kein-alter-hut.de\/wp-content\/uploads\/2023\/07\/Berlin_-_Karl-Bonhoeffer-Nervenklinik_Einfahrt.jpg 1536w\" sizes=\"(max-width: 1024px) 100vw, 1024px\" \/><\/figure>\n<\/div>\n\n\n<p>Die Anfrage vom Mai 2023 betrifft die Planung und deren Stand f\u00fcr das Gel\u00e4nde der ehemaligen Karl-Bonhoeffer-Nervenklinik. Wohnungsbau durch die GESOBAU, die Erstanlaufstelle des Landesamts f\u00fcr Fl\u00fcchtlingsangelegenheiten (LAF) sowie der Standort des Ma\u00dfregelvollzugs auf einem Grundst\u00fcck stellen erhebliche Anforderungen an die Planungen. Die SPD im Bezirk wird darauf achten, dass dabei fl\u00e4chenschonend verfahren wird, aber auch die Anforderungen des Denkmalschutzes gewahrt werden.<\/p>\n\n\n\n<p>\u2192 <a href=\"https:\/\/www.kein-alter-hut.de\/wp-content\/uploads\/2023\/07\/S19-15393-1.pdf\" target=\"_blank\" rel=\"noreferrer noopener\">Schriftliche Anfrage 19 \/ 15 393 als Drucksache<\/a><\/p>\n\n\n\n<p class=\"has-text-align-center\">____________________________________________<br><br><\/p>\n\n\n\n<p><\/p>\n\n\n<div class=\"wp-block-image\">\n<figure class=\"alignleft size-full is-resized\"><img loading=\"lazy\" decoding=\"async\" width=\"480\" height=\"360\" src=\"https:\/\/www.kein-alter-hut.de\/wp-content\/uploads\/2023\/07\/grosssteinpflaster_470.jpg\" alt=\"\" class=\"wp-image-952\" style=\"width:335px\" srcset=\"https:\/\/www.kein-alter-hut.de\/wp-content\/uploads\/2023\/07\/grosssteinpflaster_470.jpg 480w, https:\/\/www.kein-alter-hut.de\/wp-content\/uploads\/2023\/07\/grosssteinpflaster_470-300x225.jpg 300w\" sizes=\"(max-width: 480px) 100vw, 480px\" \/><\/figure>\n<\/div>\n\n\n<p><em>&#8222;LCKW finden als organische L\u00f6sungsmittel weltweit Verwendung, insbesondere in der Elektronik- und Metallindustrie, und sind in Deutschland ubiquit\u00e4r nachweisbar. Sie sind fl\u00fcchtig, schwerer als Wasser und in Wasser nur schwer l\u00f6slich. Sie bewegen sich daher in der unges\u00e4ttigten Zone doppelt so schnell wie Wasser und k\u00f6nnen bei Erreichen des Grundwasserleiters diesen senkrecht bis zur Sohle durchstr\u00f6men. LCKW k\u00f6nnen bei Menschen zu Leber- und Nierensch\u00e4den f\u00fchren. Einige sind in h\u00f6herer Konzentration toxisch f\u00fcr Wasser- und Mikroorganismen. Unter Temperatureinfluss k\u00f6nnen weitere aggressive und giftige Zersetzungsprodukte entstehen wie zum Beispiel Salzs\u00e4ure und das kanzerogene Vinylchlorid. Kontaminationen verbleiben meist \u00fcber lange Zeitr\u00e4ume im Untergrund und k\u00f6nnen nur mit hohem Aufwand saniert werden.&#8220;<\/em> (bmvu.de vom 3.1.2022)<\/p>\n\n\n\n<p>In einem Gutachten vom Mai 2021 wurde die Kontamination der Grundst\u00fccke 5 und 7 der Trettachzeile in Tegel festgestellt. In der Antwort auf meine Frage nach dem Stand der Belastung und Sanierung vom April 2023 r\u00e4umte die Umweltverwaltung die erhebliche Belastung der Geb\u00e4ude, des Bodens, Grundwassers sowie der Bodenluft der umgebenden Grundst\u00fccke. Die Grundwasserkontamination ist so massiv, dass mit Beschr\u00e4nkungen in der Nutzung zu rechnen ist: bei den projektierten Bauma\u00dfnahmen auf den Nachbargrundst\u00fccken m\u00fcssen erh\u00f6hte Ma\u00dfnahmen im Bauwassermanagement getroffen werden.<\/p>\n\n\n\n<p>Ein Sanierungskonzept liegt noch nicht vor; die Beh\u00f6rde zieht &#8222;wirkungspfadbezogene&#8220; Ma\u00dfnahmen entsprechend der jeweils aktualisierten Messwerte und Erfordernisse vor.<\/p>\n\n\n\n<p>\u2192 <a href=\"https:\/\/www.kein-alter-hut.de\/wp-content\/uploads\/2023\/07\/S19-15324-1.pdf\" target=\"_blank\" rel=\"noreferrer noopener\">Schriftliche Anfrage 19 \/ 15 324 als Drucksache<\/a><\/p>\n\n\n\n<p class=\"has-text-align-center\">____________________________________________<br><br><\/p>\n\n\n<div class=\"wp-block-image\">\n<figure class=\"alignleft size-full is-resized\"><img loading=\"lazy\" decoding=\"async\" width=\"355\" height=\"206\" src=\"https:\/\/www.kein-alter-hut.de\/wp-content\/uploads\/2023\/07\/senfin_logo_neu_ca8f4075bec0b62c8bfdaf6698c44ec6_korr.jpeg\" alt=\"\" class=\"wp-image-962\" style=\"width:335px\" srcset=\"https:\/\/www.kein-alter-hut.de\/wp-content\/uploads\/2023\/07\/senfin_logo_neu_ca8f4075bec0b62c8bfdaf6698c44ec6_korr.jpeg 355w, https:\/\/www.kein-alter-hut.de\/wp-content\/uploads\/2023\/07\/senfin_logo_neu_ca8f4075bec0b62c8bfdaf6698c44ec6_korr-300x174.jpeg 300w\" sizes=\"(max-width: 355px) 100vw, 355px\" \/><\/figure>\n<\/div>\n\n\n<p><strong>Mindestlohn nur mit Nachtzuschlag? Landesmindestlohn bei landeseigenen Unternehmen<\/strong><\/p>\n\n\n\n<p>Die Anfrage vom Januar 2023 steht vor dem Hintergrund der Rechtsprechung des Bundesarbeitsgerichts, wonach alle vom Arbeitgeber f\u00fcr die Erbringung der Arbeitsleistung gezahlten Verg\u00fctungsbestandteile in den Mindestlohn eingerechnet werden k\u00f6nnen. Zeitzuschl\u00e4ge und Zuschl\u00e4ge f\u00fcr Sonn-, Feiertags- und Mehrarbeit, Leistungspr\u00e4mien, Boni, 13.Gehalt u.a. erf\u00fcllen den Mindestlohn.<\/p>\n\n\n\n<p>S\u00e4mtliche landeseigenen und deren Tochterunternehmen zahlen nach Auskunft der Finanzverwaltung mindestens den gesetzlichen Mindestlohn, bei den tarifgebundenen Unternehmen ergibt sich die Lohnuntergrenze i.d.R. aus dem Tarifvertrag; allerdings werden zur Frage der entsprechenden Anrechnung (s.o,) teilweise keine Angaben gemacht.<\/p>\n\n\n\n<p>Noch unbefriedigender ist die erhebliche Anzahl insbesondere von Tochterunternehmen, die keinem Tarifvertrag unterliegen, da davon nicht nur die Entlohnungsfrage betroffen ist, sondern auch die Art der Vertretung geregelt ist. Ich setze mich weiterhin daf\u00fcr ein, dass die Unternehmen des Landes Berlin und deren T\u00f6chter zwingend Vollmitglied im kommunalen Arbeitgeberverband KAV sein m\u00fcssen und sich damit den von den Sozialpartnern ausgehandelten Tarifvertr\u00e4gen und Arbeitnehmer:innenvertretungsrichtlinien zu unterwerfen haben. Unternehmen im \u00f6ffentlichen Besitz haben nicht nur eine besondere Verantwortung, sondern auch eine Vorbildfunktion.<\/p>\n\n\n\n<p>\u2192 <a href=\"https:\/\/www.kein-alter-hut.de\/wp-content\/uploads\/2023\/07\/S19-14742.pdf\" target=\"_blank\" rel=\"noreferrer noopener\">Schriftliche Anfrage 19 \/ 14 742 als Drucksache<\/a><\/p>\n\n\n\n<p><\/p>\n\n\n\n<p><\/p>\n","protected":false},"excerpt":{"rendered":"<p>Schriftliche Anfragen Aktuell: ____________________________________________ Die unendliche Geschichte der Verm\u00fcllung eines Grundst\u00fccks nebst B\u00fcrgersteigs in Borsigwalde und die Unf\u00e4higkeit des Bezirksamts, diesem Missstand zu beseitigen. \u2192 Gemeinsame Pressemitteilung mit Angela Budweg (stadtentwicklungspolitische Sprecherin der BVV-Fraktion)&#46;&#46;&#46;<\/p>\n","protected":false},"author":1,"featured_media":0,"parent":0,"menu_order":0,"comment_status":"closed","ping_status":"closed","template":"","meta":{"footnotes":""},"class_list":["post-911","page","type-page","status-publish","hentry"],"yoast_head":"<!-- This site is optimized with the Yoast SEO plugin v27.5 - https:\/\/yoast.com\/product\/yoast-seo-wordpress\/ -->\n<title>Schriftliche Anfragen - Sven Meyer MdA<\/title>\n<meta name=\"robots\" content=\"index, follow, max-snippet:-1, max-image-preview:large, max-video-preview:-1\" \/>\n<link rel=\"canonical\" href=\"https:\/\/www.kein-alter-hut.de\/index.php\/schriftliche-anfragen\/\" \/>\n<meta property=\"og:locale\" content=\"de_DE\" \/>\n<meta property=\"og:type\" content=\"article\" \/>\n<meta property=\"og:title\" content=\"Schriftliche Anfragen - Sven Meyer MdA\" \/>\n<meta property=\"og:description\" content=\"Schriftliche Anfragen Aktuell: ____________________________________________ Die unendliche Geschichte der Verm\u00fcllung eines Grundst\u00fccks nebst B\u00fcrgersteigs in Borsigwalde und die Unf\u00e4higkeit des Bezirksamts, diesem Missstand zu beseitigen. \u2192 Gemeinsame Pressemitteilung mit Angela Budweg (stadtentwicklungspolitische Sprecherin der BVV-Fraktion)&#046;&#046;&#046;\" \/>\n<meta property=\"og:url\" content=\"https:\/\/www.kein-alter-hut.de\/index.php\/schriftliche-anfragen\/\" \/>\n<meta property=\"og:site_name\" content=\"Sven Meyer MdA\" \/>\n<meta property=\"article:publisher\" content=\"https:\/\/www.facebook.com\/SvenMeyerReinickendorf\/\" \/>\n<meta property=\"article:modified_time\" content=\"2026-02-05T11:44:55+00:00\" \/>\n<meta property=\"og:image\" content=\"https:\/\/www.kein-alter-hut.de\/wp-content\/uploads\/2024\/03\/IMG_20230131_123214-1-scaled.jpg\" \/>\n\t<meta property=\"og:image:width\" content=\"1920\" \/>\n\t<meta property=\"og:image:height\" content=\"2560\" \/>\n\t<meta property=\"og:image:type\" content=\"image\/jpeg\" \/>\n<meta name=\"twitter:card\" content=\"summary_large_image\" \/>\n<meta name=\"twitter:label1\" content=\"Gesch\u00e4tzte Lesezeit\" \/>\n\t<meta name=\"twitter:data1\" content=\"16\u00a0Minuten\" \/>\n<script type=\"application\/ld+json\" class=\"yoast-schema-graph\">{\"@context\":\"https:\\\/\\\/schema.org\",\"@graph\":[{\"@type\":\"WebPage\",\"@id\":\"https:\\\/\\\/www.kein-alter-hut.de\\\/index.php\\\/schriftliche-anfragen\\\/\",\"url\":\"https:\\\/\\\/www.kein-alter-hut.de\\\/index.php\\\/schriftliche-anfragen\\\/\",\"name\":\"Schriftliche Anfragen - Sven Meyer MdA\",\"isPartOf\":{\"@id\":\"https:\\\/\\\/www.kein-alter-hut.de\\\/#website\"},\"primaryImageOfPage\":{\"@id\":\"https:\\\/\\\/www.kein-alter-hut.de\\\/index.php\\\/schriftliche-anfragen\\\/#primaryimage\"},\"image\":{\"@id\":\"https:\\\/\\\/www.kein-alter-hut.de\\\/index.php\\\/schriftliche-anfragen\\\/#primaryimage\"},\"thumbnailUrl\":\"https:\\\/\\\/www.kein-alter-hut.de\\\/wp-content\\\/uploads\\\/2024\\\/03\\\/IMG_20230131_123214-1-768x1024.jpg\",\"datePublished\":\"2023-06-29T11:29:25+00:00\",\"dateModified\":\"2026-02-05T11:44:55+00:00\",\"breadcrumb\":{\"@id\":\"https:\\\/\\\/www.kein-alter-hut.de\\\/index.php\\\/schriftliche-anfragen\\\/#breadcrumb\"},\"inLanguage\":\"de\",\"potentialAction\":[{\"@type\":\"ReadAction\",\"target\":[\"https:\\\/\\\/www.kein-alter-hut.de\\\/index.php\\\/schriftliche-anfragen\\\/\"]}]},{\"@type\":\"ImageObject\",\"inLanguage\":\"de\",\"@id\":\"https:\\\/\\\/www.kein-alter-hut.de\\\/index.php\\\/schriftliche-anfragen\\\/#primaryimage\",\"url\":\"https:\\\/\\\/www.kein-alter-hut.de\\\/wp-content\\\/uploads\\\/2024\\\/03\\\/IMG_20230131_123214-1-scaled.jpg\",\"contentUrl\":\"https:\\\/\\\/www.kein-alter-hut.de\\\/wp-content\\\/uploads\\\/2024\\\/03\\\/IMG_20230131_123214-1-scaled.jpg\",\"width\":1920,\"height\":2560},{\"@type\":\"BreadcrumbList\",\"@id\":\"https:\\\/\\\/www.kein-alter-hut.de\\\/index.php\\\/schriftliche-anfragen\\\/#breadcrumb\",\"itemListElement\":[{\"@type\":\"ListItem\",\"position\":1,\"name\":\"Startseite\",\"item\":\"https:\\\/\\\/www.kein-alter-hut.de\\\/\"},{\"@type\":\"ListItem\",\"position\":2,\"name\":\"Schriftliche Anfragen\"}]},{\"@type\":\"WebSite\",\"@id\":\"https:\\\/\\\/www.kein-alter-hut.de\\\/#website\",\"url\":\"https:\\\/\\\/www.kein-alter-hut.de\\\/\",\"name\":\"Sven Meyer MdA\",\"description\":\"Sven Meyer - Ihr Abgeordneter f\u00fcr Wittenau, Waidmannslust, Borsigwalde und Tegel\",\"potentialAction\":[{\"@type\":\"SearchAction\",\"target\":{\"@type\":\"EntryPoint\",\"urlTemplate\":\"https:\\\/\\\/www.kein-alter-hut.de\\\/?s={search_term_string}\"},\"query-input\":{\"@type\":\"PropertyValueSpecification\",\"valueRequired\":true,\"valueName\":\"search_term_string\"}}],\"inLanguage\":\"de\"}]}<\/script>\n<!-- \/ Yoast SEO plugin. -->","yoast_head_json":{"title":"Schriftliche Anfragen - Sven Meyer MdA","robots":{"index":"index","follow":"follow","max-snippet":"max-snippet:-1","max-image-preview":"max-image-preview:large","max-video-preview":"max-video-preview:-1"},"canonical":"https:\/\/www.kein-alter-hut.de\/index.php\/schriftliche-anfragen\/","og_locale":"de_DE","og_type":"article","og_title":"Schriftliche Anfragen - Sven Meyer MdA","og_description":"Schriftliche Anfragen Aktuell: ____________________________________________ Die unendliche Geschichte der Verm\u00fcllung eines Grundst\u00fccks nebst B\u00fcrgersteigs in Borsigwalde und die Unf\u00e4higkeit des Bezirksamts, diesem Missstand zu beseitigen. \u2192 Gemeinsame Pressemitteilung mit Angela Budweg (stadtentwicklungspolitische Sprecherin der BVV-Fraktion)&#46;&#46;&#46;","og_url":"https:\/\/www.kein-alter-hut.de\/index.php\/schriftliche-anfragen\/","og_site_name":"Sven Meyer MdA","article_publisher":"https:\/\/www.facebook.com\/SvenMeyerReinickendorf\/","article_modified_time":"2026-02-05T11:44:55+00:00","og_image":[{"width":1920,"height":2560,"url":"https:\/\/www.kein-alter-hut.de\/wp-content\/uploads\/2024\/03\/IMG_20230131_123214-1-scaled.jpg","type":"image\/jpeg"}],"twitter_card":"summary_large_image","twitter_misc":{"Gesch\u00e4tzte Lesezeit":"16\u00a0Minuten"},"schema":{"@context":"https:\/\/schema.org","@graph":[{"@type":"WebPage","@id":"https:\/\/www.kein-alter-hut.de\/index.php\/schriftliche-anfragen\/","url":"https:\/\/www.kein-alter-hut.de\/index.php\/schriftliche-anfragen\/","name":"Schriftliche Anfragen - Sven Meyer MdA","isPartOf":{"@id":"https:\/\/www.kein-alter-hut.de\/#website"},"primaryImageOfPage":{"@id":"https:\/\/www.kein-alter-hut.de\/index.php\/schriftliche-anfragen\/#primaryimage"},"image":{"@id":"https:\/\/www.kein-alter-hut.de\/index.php\/schriftliche-anfragen\/#primaryimage"},"thumbnailUrl":"https:\/\/www.kein-alter-hut.de\/wp-content\/uploads\/2024\/03\/IMG_20230131_123214-1-768x1024.jpg","datePublished":"2023-06-29T11:29:25+00:00","dateModified":"2026-02-05T11:44:55+00:00","breadcrumb":{"@id":"https:\/\/www.kein-alter-hut.de\/index.php\/schriftliche-anfragen\/#breadcrumb"},"inLanguage":"de","potentialAction":[{"@type":"ReadAction","target":["https:\/\/www.kein-alter-hut.de\/index.php\/schriftliche-anfragen\/"]}]},{"@type":"ImageObject","inLanguage":"de","@id":"https:\/\/www.kein-alter-hut.de\/index.php\/schriftliche-anfragen\/#primaryimage","url":"https:\/\/www.kein-alter-hut.de\/wp-content\/uploads\/2024\/03\/IMG_20230131_123214-1-scaled.jpg","contentUrl":"https:\/\/www.kein-alter-hut.de\/wp-content\/uploads\/2024\/03\/IMG_20230131_123214-1-scaled.jpg","width":1920,"height":2560},{"@type":"BreadcrumbList","@id":"https:\/\/www.kein-alter-hut.de\/index.php\/schriftliche-anfragen\/#breadcrumb","itemListElement":[{"@type":"ListItem","position":1,"name":"Startseite","item":"https:\/\/www.kein-alter-hut.de\/"},{"@type":"ListItem","position":2,"name":"Schriftliche Anfragen"}]},{"@type":"WebSite","@id":"https:\/\/www.kein-alter-hut.de\/#website","url":"https:\/\/www.kein-alter-hut.de\/","name":"Sven Meyer MdA","description":"Sven Meyer - Ihr Abgeordneter f\u00fcr Wittenau, Waidmannslust, Borsigwalde und Tegel","potentialAction":[{"@type":"SearchAction","target":{"@type":"EntryPoint","urlTemplate":"https:\/\/www.kein-alter-hut.de\/?s={search_term_string}"},"query-input":{"@type":"PropertyValueSpecification","valueRequired":true,"valueName":"search_term_string"}}],"inLanguage":"de"}]}},"_links":{"self":[{"href":"https:\/\/www.kein-alter-hut.de\/index.php\/wp-json\/wp\/v2\/pages\/911","targetHints":{"allow":["GET"]}}],"collection":[{"href":"https:\/\/www.kein-alter-hut.de\/index.php\/wp-json\/wp\/v2\/pages"}],"about":[{"href":"https:\/\/www.kein-alter-hut.de\/index.php\/wp-json\/wp\/v2\/types\/page"}],"author":[{"embeddable":true,"href":"https:\/\/www.kein-alter-hut.de\/index.php\/wp-json\/wp\/v2\/users\/1"}],"replies":[{"embeddable":true,"href":"https:\/\/www.kein-alter-hut.de\/index.php\/wp-json\/wp\/v2\/comments?post=911"}],"version-history":[{"count":49,"href":"https:\/\/www.kein-alter-hut.de\/index.php\/wp-json\/wp\/v2\/pages\/911\/revisions"}],"predecessor-version":[{"id":3234,"href":"https:\/\/www.kein-alter-hut.de\/index.php\/wp-json\/wp\/v2\/pages\/911\/revisions\/3234"}],"wp:attachment":[{"href":"https:\/\/www.kein-alter-hut.de\/index.php\/wp-json\/wp\/v2\/media?parent=911"}],"curies":[{"name":"wp","href":"https:\/\/api.w.org\/{rel}","templated":true}]}}